{"id":6727,"date":"2022-03-24T10:50:31","date_gmt":"2022-03-24T10:50:31","guid":{"rendered":"https:\/\/www.afibmatters.org\/vad-kan-jag-gora\/hur-bor-jag-forandra-mitt-liv\/fetma\/"},"modified":"2022-03-24T10:50:31","modified_gmt":"2022-03-24T10:50:31","slug":"fetma","status":"publish","type":"page","link":"https:\/\/www.afibmatters.org\/sv\/vad-kan-jag-gora\/hur-bor-jag-forandra-mitt-liv\/fetma\/","title":{"rendered":"Fetma"},"content":{"rendered":"<p><img loading=\"lazy\" decoding=\"async\" class=\"alignnone wp-image-6457 size-full\" src=\"https:\/\/cdn-endpoint-afib.azureedge.net\/afibmatters\/2022\/03\/shutterstock_1018836169-1-min.jpg?_t=1646320548\" alt=\"\" width=\"900\" height=\"600\" srcset=\"https:\/\/cdn-endpoint-afib.azureedge.net\/afibmatters\/2022\/03\/shutterstock_1018836169-1-min.jpg 900w, https:\/\/cdn-endpoint-afib.azureedge.net\/afibmatters\/2022\/03\/shutterstock_1018836169-1-min-300x200.jpg 300w, https:\/\/cdn-endpoint-afib.azureedge.net\/afibmatters\/2022\/03\/shutterstock_1018836169-1-min-768x512.jpg 768w, https:\/\/cdn-endpoint-afib.azureedge.net\/afibmatters\/2022\/03\/shutterstock_1018836169-1-min-500x333.jpg 500w\" sizes=\"auto, (max-width: 900px) 100vw, 900px\" \/><\/p>\n<p>Det finns ett tydligt samband mellan fetma och f\u00f6rekomsten av f\u00f6rmaksflimmer. Risken \u00f6kar i takt med att kroppsmassaindex (Body Mass Index &#8211; BMI = vikt i kg dividerat med l\u00e4ngden i meter) \u00f6kar.<\/p>\n<p>Fetma kan dessutom \u00f6ka risken f\u00f6r komplikationer fr\u00e5n f\u00f6rmaksflimmer, s\u00e5som tromboemboliska h\u00e4ndelser och stroker. Fetma inverkar ocks\u00e5 negativt p\u00e5 ablationsbehandling av f\u00f6rmaksflimmer. Risken f\u00f6r att f\u00f6rmaksflimmer \u00e5teruppst\u00e5r \u00e4r st\u00f6rre efter ett lyckat ingrepp.<\/p>\n<p>Att vara \u00f6verviktig \u00f6kar ocks\u00e5 chansen att utveckla riskfaktorer som \u00e4r individuellt kopplade till m\u00f6jligheten att utveckla f\u00f6rmaksflimmer:<\/p>\n<ul>\n<li><strong>\u00d6kat blodtryck (hypertoni)<\/strong><\/li>\n<\/ul>\n<p style=\"padding-left: 40px;\">Patienter med hypertoni har en 1,7-faldigt \u00f6kad risk att utveckla f\u00f6rmaksflimmer. Det utg\u00f6r dessutom en oberoende riskfaktor n\u00e4r det g\u00e4ller att utveckla tromboembolism till f\u00f6ljd av arytmi. Att behandla hypertoni \u00e4r inte bara viktigt f\u00f6r att f\u00f6rebygga f\u00f6rmaksflimmer, utan ocks\u00e5 f\u00f6r att minska risken f\u00f6r tromboembolism. Viktnedg\u00e5ng utg\u00f6r en del av hur h\u00f6gt blodtryck kan behandlas.<\/p>\n<ul>\n<li><strong>K\u00e4rlsjukdomar och myokardisk infarkt<\/strong><\/li>\n<\/ul>\n<p style=\"padding-left: 40px;\">Risken f\u00f6r att utveckla f\u00f6rmaksflimmer \u00f6kar med 60-77 % hos patienter som har haft en hj\u00e4rtinfarkt.<\/p>\n<ul>\n<li><strong>Diabetes mellitus<\/strong><\/li>\n<\/ul>\n<p style=\"padding-left: 40px;\">Incidenter med f\u00f6rmaksflimmer \u00e4r dubbelt s\u00e5 h\u00f6g hos patienter med diabetes. Liksom i fallet med hypertoni, \u00f6kar det ocks\u00e5 risken f\u00f6r att utveckla tromboembolism.<\/p>\n<ul>\n<li><strong>S\u00f6mnapn\u00e9<\/strong><\/li>\n<\/ul>\n<p style=\"padding-left: 40px;\">\u00d6verviktiga patienter l\u00f6per en \u00f6kad risk att utveckla obstruktiv s\u00f6mnapn\u00e9 (OSA). P\u00e5 grund av att strupen st\u00e4ngs till genom \u00f6verskott av fettmassa uppst\u00e5r en andningspaus under s\u00f6mnen. Detta inverkar sedan negativt p\u00e5 s\u00f6mnkvaliteten. Det \u00e4r ocks\u00e5 f\u00f6renat med en \u00f6kad risk f\u00f6r d\u00f6dsfall, att kardiovaskul\u00e4ra h\u00e4ndelser intr\u00e4ffar, samt att risken f\u00f6r f\u00f6rmaksflimmer \u00f6kar. Chansen att behandlingen av f\u00f6rmaksflimmer (genom medicinering eller ablation) blir framg\u00e5ngsrik \u00e4r l\u00e4gre hos patienter med OSA \u2013 d\u00e4rf\u00f6r utg\u00f6rs behandlingen av OSA av en kombination av kontinuerligt positivt luftv\u00e4gstryck (CPAP &#8211; Continuous Positive Airway Pressure) och viktnedg\u00e5ng.<\/p>\n<p>P\u00e5 grund av det uppenbara sambandet mellan fetma och risken f\u00f6r f\u00f6rmaksflimmer, utg\u00f6r viktminskning en viktig best\u00e5ndsdel vid behandlingen av denna arytmi. Det kan leda till att behandlingar av f\u00f6rmaksflimmer undviks eller minskas. F\u00f6r patienter som genomg\u00e5r ablationsbehandling minskar viktnedg\u00e5ng risken med ingreppet och \u00f6kar framg\u00e5ngsfrekvensen.<\/p>\n","protected":false},"excerpt":{"rendered":"<p>Det finns ett tydligt samband mellan fetma och f\u00f6rekomsten av f\u00f6rmaksflimmer. Risken \u00f6kar i takt med att kroppsmassaindex (Body Mass Index &#8211; BMI = vikt i kg dividerat med l\u00e4ngden i meter) \u00f6kar. Fetma kan dessutom \u00f6ka risken f\u00f6r komplikationer fr\u00e5n f\u00f6rmaksflimmer, s\u00e5som tromboemboliska h\u00e4ndelser och stroker. Fetma inverkar ocks\u00e5 negativt p\u00e5 ablationsbehandling av f\u00f6rmaksflimmer. [&hellip;]<\/p>\n","protected":false},"author":1,"featured_media":0,"parent":1551,"menu_order":11,"comment_status":"closed","ping_status":"closed","template":"","meta":{"_acf_changed":false,"footnotes":""},"categories":[69],"tags":[],"class_list":["post-6727","page","type-page","status-publish","hentry","category-vad-kan-jag-gora"],"acf":[],"_links":{"self":[{"href":"https:\/\/www.afibmatters.org\/sv\/wp-json\/wp\/v2\/pages\/6727","targetHints":{"allow":["GET"]}}],"collection":[{"href":"https:\/\/www.afibmatters.org\/sv\/wp-json\/wp\/v2\/pages"}],"about":[{"href":"https:\/\/www.afibmatters.org\/sv\/wp-json\/wp\/v2\/types\/page"}],"author":[{"embeddable":true,"href":"https:\/\/www.afibmatters.org\/sv\/wp-json\/wp\/v2\/users\/1"}],"replies":[{"embeddable":true,"href":"https:\/\/www.afibmatters.org\/sv\/wp-json\/wp\/v2\/comments?post=6727"}],"version-history":[{"count":0,"href":"https:\/\/www.afibmatters.org\/sv\/wp-json\/wp\/v2\/pages\/6727\/revisions"}],"up":[{"embeddable":true,"href":"https:\/\/www.afibmatters.org\/sv\/wp-json\/wp\/v2\/pages\/1551"}],"wp:attachment":[{"href":"https:\/\/www.afibmatters.org\/sv\/wp-json\/wp\/v2\/media?parent=6727"}],"wp:term":[{"taxonomy":"category","embeddable":true,"href":"https:\/\/www.afibmatters.org\/sv\/wp-json\/wp\/v2\/categories?post=6727"},{"taxonomy":"post_tag","embeddable":true,"href":"https:\/\/www.afibmatters.org\/sv\/wp-json\/wp\/v2\/tags?post=6727"}],"curies":[{"name":"wp","href":"https:\/\/api.w.org\/{rel}","templated":true}]}}