{"id":6704,"date":"2022-03-24T10:50:02","date_gmt":"2022-03-24T10:50:02","guid":{"rendered":"https:\/\/www.afibmatters.org\/vad-kan-jag-gora\/hur-bor-jag-forandra-mitt-liv\/rokning\/"},"modified":"2022-03-24T10:50:02","modified_gmt":"2022-03-24T10:50:02","slug":"rokning","status":"publish","type":"page","link":"https:\/\/www.afibmatters.org\/sv\/vad-kan-jag-gora\/hur-bor-jag-forandra-mitt-liv\/rokning\/","title":{"rendered":"R\u00f6kning"},"content":{"rendered":"<h3><img loading=\"lazy\" decoding=\"async\" class=\"alignnone wp-image-6429 size-full\" src=\"https:\/\/cdn-endpoint-afib.azureedge.net\/afibmatters\/2022\/03\/shutterstock_1252774594-1-min.jpg?_t=1646320517\" alt=\"\" width=\"900\" height=\"600\" srcset=\"https:\/\/cdn-endpoint-afib.azureedge.net\/afibmatters\/2022\/03\/shutterstock_1252774594-1-min.jpg 900w, https:\/\/cdn-endpoint-afib.azureedge.net\/afibmatters\/2022\/03\/shutterstock_1252774594-1-min-300x200.jpg 300w, https:\/\/cdn-endpoint-afib.azureedge.net\/afibmatters\/2022\/03\/shutterstock_1252774594-1-min-768x512.jpg 768w, https:\/\/cdn-endpoint-afib.azureedge.net\/afibmatters\/2022\/03\/shutterstock_1252774594-1-min-500x333.jpg 500w\" sizes=\"auto, (max-width: 900px) 100vw, 900px\" \/><\/h3>\n<h3>Tobakscigaretter<\/h3>\n<p>R\u00f6kning \u00e4r den viktigaste h\u00e4lsoriskfaktorn f\u00f6r hj\u00e4rtsjukdomar som kan undvikas. R\u00f6kning orsakar \u00e5derf\u00f6rkalkning (vaskul\u00e4r f\u00f6rkalkning) och f\u00f6rtr\u00e4ngning av hj\u00e4rtart\u00e4rer (kransk\u00e4rl), vilket i slut\u00e4ndan leder till hj\u00e4rtinfarkt och pl\u00f6tslig hj\u00e4rtd\u00f6d.<\/p>\n<p>Dessutom st\u00e5r r\u00f6kning f\u00f6r 27 % av alla cancerfall och \u00e4r direkt kopplad till 700 000 f\u00f6rtida d\u00f6dsfall i Europa varje \u00e5r. I de flesta europeiska l\u00e4nder har antalet r\u00f6kare g\u00e5tt ned eller minskat under de senaste \u00e5rtiondena. \u00c5r 2020 var emellertid 25 % av den europeiska befolkningen som helhet, och upp till 29 % av 15-24-\u00e5ringarna r\u00f6kare.<\/p>\n<p>Nuf\u00f6rtiden beh\u00f6ver ingen \u00f6vertygas om de negativa effekterna av r\u00f6kning. Det \u00e4r mindre k\u00e4nt bland befolkningen i allm\u00e4nhet att r\u00f6kare l\u00f6per en klart \u00f6kad risk f\u00f6r f\u00f6rmaksflimmer. Till skillnad fr\u00e5n utvecklingen av k\u00e4rlsjukdomar \u00e4r det mindre k\u00e4nt p\u00e5 vilket s\u00e4tt r\u00f6kning bidrar till detta fenomen. Det \u00e4r dock tydligt att r\u00f6kare l\u00f6per 1,5 till 2 g\u00e5nger h\u00f6gre risk att utveckla f\u00f6rmaksflimmer under sin livstid i j\u00e4mf\u00f6relse med icke-r\u00f6kare.<\/p>\n<p>Risken \u00f6kar beroende p\u00e5 hur pass mycket en person r\u00f6ker och hur m\u00e5nga \u00e5r han eller hon har r\u00f6kt. Att sluta r\u00f6ka minskar risken, men risken \u00e4r fortfarande betydligt h\u00f6gre j\u00e4mf\u00f6rt med n\u00e5gon som aldrig har r\u00f6kt. S\u00e5, budskapet \u00e4r allts\u00e5: <strong>b\u00f6rja aldrig r\u00f6ka! <\/strong> <\/p>\n<p>R\u00f6kning bidrar dessutom till tillst\u00e5nd som \u00f6kar risken f\u00f6r f\u00f6rmaksflimmer, s\u00e5som vissa lungsjukdomar (t.ex. kol \u2013 kronisk obstruktiv lungsjukdom), s\u00f6mnapn\u00e9, ischemisk hj\u00e4rtsjukdom och hj\u00e4rtsvikt.<\/p>\n<p>Behandling av dessa riskfaktorer utg\u00f6r en del av \u00e5tg\u00e4rderna mot f\u00f6rmaksflimmer. Att sluta r\u00f6ka har en gynnsam effekt p\u00e5 dessa riskfaktorer och d\u00e4rmed en indirekt gynnsam effekt n\u00e4r det g\u00e4ller att f\u00f6rebygga f\u00f6rmaksflimmer.<\/p>\n<p>Det \u00e4r ocks\u00e5 k\u00e4nt att passiv r\u00f6kning \u00f6kar risken f\u00f6r f\u00f6rmaksflimmer. Risken \u00f6kar avsev\u00e4rt, s\u00e4rskilt n\u00e4r exponeringen sker i en yngre \u00e5lder. Andrahandsr\u00f6kning (eller passiv r\u00f6kning) under graviditet och barndom inneb\u00e4r en \u00f6kad risk f\u00f6r f\u00f6rmaksflimmer p\u00e5 upp till 40 %.<\/p>\n<p>&nbsp;<\/p>\n<h3>E-cigaretter<\/h3>\n<p>Antalet e-cigarettr\u00f6kare har \u00f6kat i betydande grad sedan 2007. Detta s\u00e4tt att r\u00f6ka f\u00f6rv\u00e4ntas hj\u00e4lpa m\u00e4nniskor att sluta r\u00f6ka helt och betraktas som s\u00e4krare \u00e4n den klassiska tobakscigaretten. Dessa apparater \u00e4r fria fr\u00e5n de typiska f\u00f6rbr\u00e4nningsprodukterna, s\u00e5som den skadliga kolmonoxiden, och m\u00e5nga viktiga cancerframkallande \u00e4mnen.<\/p>\n<p>Det saknas dock fortfarande stora studier som unders\u00f6ker den l\u00e5ngsiktiga effekten av e-cigarettr\u00f6kning p\u00e5 hj\u00e4rt- och k\u00e4rlh\u00e4lsan, inklusive en m\u00f6jlig \u00f6kad risk f\u00f6r f\u00f6rmaksflimmer.<\/p>\n<p>N\u00e5gra f\u00e5 fall har beskrivits i litteraturen d\u00e4r e-cigarettr\u00f6kning kan associeras med f\u00f6rekomsten av f\u00f6rmaksflimmer. Uppgifterna \u00e4r dock fortfarande begr\u00e4nsade, och det har f\u00f6rvisso inte \u00e4nnu p\u00e5visats, huruvida denna eventuella \u00f6kade risk relaterar till nikotin eller andra avgas\u00e4mnen fr\u00e5n e-cigaretten.<\/p>\n<p>M\u00e5nga emissioner som genereras av e-cigaretten, genom att en kombination av vatten, aromer, l\u00f6sningsmedel och nikotin v\u00e4rms upp, har \u00e4nnu inte studerats.<\/p>\n<p>&nbsp;<\/p>\n<h3>Behandling med nikotiners\u00e4ttning<\/h3>\n<p>Nikotin \u00e4r den mest studerade komponenten framtill dagens datum, men sambandet mellan nikotin och f\u00f6rmaksflimmer \u00e4r \u00e4nnu inte tydligt. Det finns n\u00e5gra tillg\u00e4ngliga korttidsstudier om behandling med nikotiners\u00e4ttning, som t.ex. nikotinpl\u00e5ster. Detta verkar dock inte p\u00e5visa en klart \u00f6kad risk f\u00f6r utveckling av f\u00f6rmaksflimmer.<\/p>\n","protected":false},"excerpt":{"rendered":"<p>Tobakscigaretter R\u00f6kning \u00e4r den viktigaste h\u00e4lsoriskfaktorn f\u00f6r hj\u00e4rtsjukdomar som kan undvikas. R\u00f6kning orsakar \u00e5derf\u00f6rkalkning (vaskul\u00e4r f\u00f6rkalkning) och f\u00f6rtr\u00e4ngning av hj\u00e4rtart\u00e4rer (kransk\u00e4rl), vilket i slut\u00e4ndan leder till hj\u00e4rtinfarkt och pl\u00f6tslig hj\u00e4rtd\u00f6d. Dessutom st\u00e5r r\u00f6kning f\u00f6r 27 % av alla cancerfall och \u00e4r direkt kopplad till 700 000 f\u00f6rtida d\u00f6dsfall i Europa varje \u00e5r. I de flesta [&hellip;]<\/p>\n","protected":false},"author":1,"featured_media":0,"parent":1551,"menu_order":9,"comment_status":"closed","ping_status":"closed","template":"","meta":{"_acf_changed":false,"footnotes":""},"categories":[69],"tags":[],"class_list":["post-6704","page","type-page","status-publish","hentry","category-vad-kan-jag-gora"],"acf":[],"_links":{"self":[{"href":"https:\/\/www.afibmatters.org\/sv\/wp-json\/wp\/v2\/pages\/6704","targetHints":{"allow":["GET"]}}],"collection":[{"href":"https:\/\/www.afibmatters.org\/sv\/wp-json\/wp\/v2\/pages"}],"about":[{"href":"https:\/\/www.afibmatters.org\/sv\/wp-json\/wp\/v2\/types\/page"}],"author":[{"embeddable":true,"href":"https:\/\/www.afibmatters.org\/sv\/wp-json\/wp\/v2\/users\/1"}],"replies":[{"embeddable":true,"href":"https:\/\/www.afibmatters.org\/sv\/wp-json\/wp\/v2\/comments?post=6704"}],"version-history":[{"count":0,"href":"https:\/\/www.afibmatters.org\/sv\/wp-json\/wp\/v2\/pages\/6704\/revisions"}],"up":[{"embeddable":true,"href":"https:\/\/www.afibmatters.org\/sv\/wp-json\/wp\/v2\/pages\/1551"}],"wp:attachment":[{"href":"https:\/\/www.afibmatters.org\/sv\/wp-json\/wp\/v2\/media?parent=6704"}],"wp:term":[{"taxonomy":"category","embeddable":true,"href":"https:\/\/www.afibmatters.org\/sv\/wp-json\/wp\/v2\/categories?post=6704"},{"taxonomy":"post_tag","embeddable":true,"href":"https:\/\/www.afibmatters.org\/sv\/wp-json\/wp\/v2\/tags?post=6704"}],"curies":[{"name":"wp","href":"https:\/\/api.w.org\/{rel}","templated":true}]}}