{"id":6640,"date":"2022-03-24T10:48:59","date_gmt":"2022-03-24T10:48:59","guid":{"rendered":"https:\/\/www.afibmatters.org\/vad-behover-jag-veta\/hur-kanns-det-att-ha-formaksflimmer\/hjartklappning\/"},"modified":"2022-03-30T10:08:55","modified_gmt":"2022-03-30T09:08:55","slug":"hjartklappning","status":"publish","type":"page","link":"https:\/\/www.afibmatters.org\/sv\/vad-behover-jag-veta\/hur-kanns-det-att-ha-formaksflimmer\/hjartklappning\/","title":{"rendered":"Hj\u00e4rtklappning"},"content":{"rendered":"<p><img loading=\"lazy\" decoding=\"async\" class=\"alignnone wp-image-3635 size-large\" src=\"https:\/\/cdn-endpoint-afib.azureedge.net\/afibmatters\/2021\/06\/shutterstock_1720383349-2-1024x667.jpg?_t=1646320170\" alt=\"\" width=\"1024\" height=\"667\" srcset=\"https:\/\/cdn-endpoint-afib.azureedge.net\/afibmatters\/2021\/06\/shutterstock_1720383349-2-1024x667.jpg 1024w, https:\/\/cdn-endpoint-afib.azureedge.net\/afibmatters\/2021\/06\/shutterstock_1720383349-2-300x196.jpg 300w, https:\/\/cdn-endpoint-afib.azureedge.net\/afibmatters\/2021\/06\/shutterstock_1720383349-2-768x501.jpg 768w, https:\/\/cdn-endpoint-afib.azureedge.net\/afibmatters\/2021\/06\/shutterstock_1720383349-2-1536x1001.jpg 1536w, https:\/\/cdn-endpoint-afib.azureedge.net\/afibmatters\/2021\/06\/shutterstock_1720383349-2-2048x1335.jpg 2048w, https:\/\/cdn-endpoint-afib.azureedge.net\/afibmatters\/2021\/06\/shutterstock_1720383349-2-500x326.jpg 500w\" sizes=\"auto, (max-width: 1024px) 100vw, 1024px\" \/><\/p>\n<p>En av de vanligaste anledningarna till att personer s\u00f6ker r\u00e5d hos sin l\u00e4kare \u00e4r att de uppm\u00e4rksammar sina egna hj\u00e4rtslag eller hj\u00e4rtklappning. Vi blir alla medvetna om v\u00e5ra hj\u00e4rtslag d\u00e5 och d\u00e5 \u2013 oftast efter tr\u00e4ning, n\u00e4r vi \u00e4r nerv\u00f6sa, eller kanske n\u00e4r vi \u00e4r sjuka och har en infektion. Dessa symtom \u00e4r f\u00f6rst\u00e5eligt nog orov\u00e4ckande, men det \u00e4r viktigt att komma ih\u00e5g att de inte alltid r\u00f6r sig om en hj\u00e4rtsjukdom.<\/p>\n<p>Termen hj\u00e4rtklappning omfattar ett brett spektrum av hj\u00e4rtrytmer, och d\u00e4ribland en medvetenhet om en normal hj\u00e4rtrytm som kan k\u00e4nnas mer kraftfull eller n\u00e5got snabbare \u00e4n normalt. Andra vanliga symtom \u00e4r medvetenhet om en oregelbunden hj\u00e4rtrytm \u2013 i form av antingen missade, uteblivna eller oj\u00e4mna hj\u00e4rtslag.<\/p>\n<p>I mindre vanligt f\u00f6rekommande fall kan det handla om en k\u00e4nsla av ett mycket snabbt hj\u00e4rtslag, som antingen \u00e4r &#8220;fladdrande&#8221;, eller en k\u00e4nsla av att hj\u00e4rtat &#8220;rusar&#8221;. Det finns olika orsaker till dessa presentationer, men h\u00e4r kommer vi att koncentrera oss p\u00e5 de som \u00e4r f\u00f6rknippade med f\u00f6rmaksflimmer.<\/p>\n<p>\u00c4ven om uppm\u00e4rksammandet p\u00e5 en f\u00f6r\u00e4ndring i hj\u00e4rtrytmen utg\u00f6r ett viktigt k\u00e4nnetecken p\u00e5 f\u00f6rmaksflimmer, kan det vara s\u00e5 att ett stort antal personer inte uppm\u00e4rksammar n\u00e5gon f\u00f6r\u00e4ndring i sin hj\u00e4rtrytm. Individer kan ist\u00e4llet vara antingen asymtomatiska eller uppleva andra symtom, som t.ex. andn\u00f6d, tr\u00f6tthet, obehag i br\u00f6stet eller yrsel.<\/p>\n<p>I v\u00e5r moderna tid med smartklockor, tr\u00e4nings- och konditionsappar, (eller n\u00e4r du g\u00e5r p\u00e5 ett gym), kanske du har uppm\u00e4rksammats p\u00e5 en potentiell abnormitet i hj\u00e4rtrytmen som du inte varit medveten om. Detta orsakar ofta stor oro och det b\u00f6r noteras att dessa enheter inte alltid \u00e4r korrekta och har en l\u00e5g tr\u00f6skel n\u00e4r det g\u00e4ller att rapportera avvikelser.<\/p>\n<p>&nbsp;<\/p>\n<h3>Hj\u00e4rtklappning vid f\u00f6rmaksflimmer<\/h3>\n<p>Det viktigaste k\u00e4nnetecknet p\u00e5 f\u00f6rmaksflimmer \u00e4r att hj\u00e4rtslagen \u00e4r oregelbundna \u2013 pausen mellan varje slag varierar p\u00e5 ett of\u00f6ruts\u00e4gbart s\u00e4tt, vilket ger upphov till termen &#8220;oregelbundet oregelbunden&#8221;. Du kanske blir medveten om detta genom en k\u00e4nsla av hj\u00e4rtfladder eller oj\u00e4mna hj\u00e4rtslag, och att du i synnerhet upplever starkare hj\u00e4rtslag som sker oregelbundet.<\/p>\n<p>Du eller din l\u00e4kare kan eventuellt uppt\u00e4cka denna oregelbundenhet vid pulstagning. Det finns emellertid andra bakomliggande orsaker till de symtom som beskrivs ovan. Det kan till exempel handla om extra eller ektopiska hj\u00e4rtslag som ofta g\u00f6r det sv\u00e5rt att s\u00e4tta en definitiv diagnos utan att en registrering g\u00f6rs av hj\u00e4rtslagen (\u00e4ven k\u00e4nd som ett elektrokardiogram \u2013 EKG) n\u00e4r symtomen uppst\u00e5r. Detta kan ocks\u00e5 vara fallet n\u00e4r hj\u00e4rtfrekvensen \u00e4r s\u00e4rskilt snabb och det kan vara om\u00f6jligt f\u00f6r dig eller din l\u00e4kare att avg\u00f6ra om rytmen \u00e4r oregelbunden vid unders\u00f6kning av enbart pulsen (se avsnitt om supraventrikul\u00e4r takykardi).<\/p>\n<p>Hj\u00e4rtklappning p\u00e5 grund av f\u00f6rmaksflimmer kan vara \u201dih\u00e5llande\u201d. Detta inneb\u00e4r att hj\u00e4rtklappning forts\u00e4tter antingen i sju dagar eller l\u00e4ngre (ofta fram till ett medicinskt ingrepp, s\u00e5som kardioversion, utf\u00f6rs f\u00f6r att f\u00f6rs\u00e4tta hj\u00e4rtat tillbaka till en normal rytm), eller fram tills att en &#8220;paroxysmal&#8221; intr\u00e4ffar, vilket inneb\u00e4r att hj\u00e4rtklappning forts\u00e4tter under en period fram tills dess att hj\u00e4rtat spontant \u00e5terg\u00e5r till en normal rytm.<\/p>\n<p>I synnerhet n\u00e4r hj\u00e4rtfrekvensen \u00e4r snabb kan episoder av f\u00f6rmaksflimmer vara mycket besv\u00e4rande och funktionsneds\u00e4ttande, antingen p\u00e5 grund av sj\u00e4lva upplevelsen av rytmen, eller p\u00e5 grund av de associerade symtomen i form av andf\u00e5ddhet, yrsel, blackouter eller br\u00f6stsm\u00e4rta. S\u00e5dana episoder kr\u00e4ver omedelbar medicinsk behandling.<\/p>\n<p>Upplevelsen av oregelbundna hj\u00e4rtslag hos patienter med l\u00e5ngvarigt f\u00f6rmaksflimmer och \u201dpermanent\u201d hj\u00e4rtrytm kan minska spontant \u00f6ver en period av veckor till m\u00e5nader, eller med hj\u00e4lp av behandling f\u00f6r att f\u00e5 hj\u00e4rtfrekvensen under kontroll.<br \/>\nL\u00e4karbes\u00f6k<\/p>\n<p>Innan du bes\u00f6ker din l\u00e4kare \u00e4r det bra att du f\u00f6r en journal \u00f6ver dina symtom och s\u00e4rskilt registrerar eventuella associerade k\u00e4nnetecken, som t.ex. br\u00f6stsm\u00e4rta eller andf\u00e5ddhet, dess varaktighet och eventuella utl\u00f6sande orsaker (till exempel motion, alkohol eller koffein).<\/p>\n<p>Om upplevelsen av hj\u00e4rtklappning fortg\u00e5r kontinuerligt, kan en diagnos ofta st\u00e4llas med hj\u00e4lp av EKG-m\u00e4tning p\u00e5 kliniken n\u00e4r du befinner dig i vila. Men om symtomen \u00e4r intermittenta och inte f\u00f6rekommer n\u00e4r du bes\u00f6ker din l\u00e4kare, kanske det inte g\u00e5r att st\u00e4lla en definitiv diagnos p\u00e5 detta s\u00e4tt.<\/p>\n<p><img loading=\"lazy\" decoding=\"async\" class=\"alignnone wp-image-6338 size-full\" src=\"https:\/\/cdn-endpoint-afib.azureedge.net\/afibmatters\/2022\/03\/shutterstock_1382268998-1-min.jpg?_t=1646320183\" alt=\"\" width=\"900\" height=\"601\" srcset=\"https:\/\/cdn-endpoint-afib.azureedge.net\/afibmatters\/2022\/03\/shutterstock_1382268998-1-min.jpg 900w, https:\/\/cdn-endpoint-afib.azureedge.net\/afibmatters\/2022\/03\/shutterstock_1382268998-1-min-300x200.jpg 300w, https:\/\/cdn-endpoint-afib.azureedge.net\/afibmatters\/2022\/03\/shutterstock_1382268998-1-min-768x513.jpg 768w, https:\/\/cdn-endpoint-afib.azureedge.net\/afibmatters\/2022\/03\/shutterstock_1382268998-1-min-500x334.jpg 500w\" sizes=\"auto, (max-width: 900px) 100vw, 900px\" \/><\/p>\n<p>Orsaken till hj\u00e4rtklappning fastst\u00e4lls genom en hj\u00e4rtsp\u00e5rning som genomf\u00f6rs n\u00e4r man upplever symtom. D\u00e4rf\u00f6r kan du utrustas med, eller f\u00e5, en registreringsenhet f\u00f6r EKG-m\u00e4tning n\u00e4r du \u00e4r symtomatisk.<\/p>\n<p>Om symtomen \u00e4r mer s\u00e4llsynta kan en liten monitor, som implanteras under huden (den kallas &#8220;Implantable Loop Recorder&#8221; &#8211; ILR), beh\u00f6vas f\u00f6r att \u00f6vervaka hj\u00e4rtfrekvensen under flera \u00e5rs tid, eller fram tills att symtomen \u00e5terkommer.<\/p>\n","protected":false},"excerpt":{"rendered":"<p>En av de vanligaste anledningarna till att personer s\u00f6ker r\u00e5d hos sin l\u00e4kare \u00e4r att de uppm\u00e4rksammar sina egna hj\u00e4rtslag eller hj\u00e4rtklappning. Vi blir alla medvetna om v\u00e5ra hj\u00e4rtslag d\u00e5 och d\u00e5 \u2013 oftast efter tr\u00e4ning, n\u00e4r vi \u00e4r nerv\u00f6sa, eller kanske n\u00e4r vi \u00e4r sjuka och har en infektion. Dessa symtom \u00e4r f\u00f6rst\u00e5eligt nog [&hellip;]<\/p>\n","protected":false},"author":1,"featured_media":0,"parent":1444,"menu_order":3,"comment_status":"closed","ping_status":"closed","template":"","meta":{"_acf_changed":false,"footnotes":""},"categories":[54],"tags":[],"class_list":["post-6640","page","type-page","status-publish","hentry","category-vad-behover-jag-veta"],"acf":[],"_links":{"self":[{"href":"https:\/\/www.afibmatters.org\/sv\/wp-json\/wp\/v2\/pages\/6640","targetHints":{"allow":["GET"]}}],"collection":[{"href":"https:\/\/www.afibmatters.org\/sv\/wp-json\/wp\/v2\/pages"}],"about":[{"href":"https:\/\/www.afibmatters.org\/sv\/wp-json\/wp\/v2\/types\/page"}],"author":[{"embeddable":true,"href":"https:\/\/www.afibmatters.org\/sv\/wp-json\/wp\/v2\/users\/1"}],"replies":[{"embeddable":true,"href":"https:\/\/www.afibmatters.org\/sv\/wp-json\/wp\/v2\/comments?post=6640"}],"version-history":[{"count":1,"href":"https:\/\/www.afibmatters.org\/sv\/wp-json\/wp\/v2\/pages\/6640\/revisions"}],"predecessor-version":[{"id":6915,"href":"https:\/\/www.afibmatters.org\/sv\/wp-json\/wp\/v2\/pages\/6640\/revisions\/6915"}],"up":[{"embeddable":true,"href":"https:\/\/www.afibmatters.org\/sv\/wp-json\/wp\/v2\/pages\/1444"}],"wp:attachment":[{"href":"https:\/\/www.afibmatters.org\/sv\/wp-json\/wp\/v2\/media?parent=6640"}],"wp:term":[{"taxonomy":"category","embeddable":true,"href":"https:\/\/www.afibmatters.org\/sv\/wp-json\/wp\/v2\/categories?post=6640"},{"taxonomy":"post_tag","embeddable":true,"href":"https:\/\/www.afibmatters.org\/sv\/wp-json\/wp\/v2\/tags?post=6640"}],"curies":[{"name":"wp","href":"https:\/\/api.w.org\/{rel}","templated":true}]}}