{"id":6623,"date":"2022-03-24T10:48:42","date_gmt":"2022-03-24T10:48:42","guid":{"rendered":"https:\/\/www.afibmatters.org\/vad-behover-jag-veta\/hur-kanns-det-att-ha-formaksflimmer\/andfaddhet\/"},"modified":"2022-03-30T10:01:15","modified_gmt":"2022-03-30T09:01:15","slug":"andfaddhet","status":"publish","type":"page","link":"https:\/\/www.afibmatters.org\/sv\/vad-behover-jag-veta\/hur-kanns-det-att-ha-formaksflimmer\/andfaddhet\/","title":{"rendered":"Andf\u00e5ddhet"},"content":{"rendered":"<p><img loading=\"lazy\" decoding=\"async\" class=\"alignnone wp-image-6297 size-full\" src=\"https:\/\/cdn-endpoint-afib.azureedge.net\/afibmatters\/2022\/03\/shutterstock_2063929043-1-min.jpg?_t=1646320123\" alt=\"\" width=\"900\" height=\"600\" srcset=\"https:\/\/cdn-endpoint-afib.azureedge.net\/afibmatters\/2022\/03\/shutterstock_2063929043-1-min.jpg 900w, https:\/\/cdn-endpoint-afib.azureedge.net\/afibmatters\/2022\/03\/shutterstock_2063929043-1-min-300x200.jpg 300w, https:\/\/cdn-endpoint-afib.azureedge.net\/afibmatters\/2022\/03\/shutterstock_2063929043-1-min-768x512.jpg 768w, https:\/\/cdn-endpoint-afib.azureedge.net\/afibmatters\/2022\/03\/shutterstock_2063929043-1-min-500x333.jpg 500w\" sizes=\"auto, (max-width: 900px) 100vw, 900px\" \/><\/p>\n<p>Andf\u00e5ddhet \u00e4r ett mycket vanligt symptom hos personer som lider av hj\u00e4rtsjukdom. K\u00e4nslan kan beskrivas p\u00e5 olika s\u00e4tt beroende p\u00e5 vilken person det handlar om och vederb\u00f6randes omst\u00e4ndigheter, och kan innefatta andf\u00e5ddhet, andningssv\u00e5righeter, tung andning och i allvarligare fall \u2014 andn\u00f6d, lufthunger, eller en drunkningsk\u00e4nsla. Din l\u00e4kare kan \u00e4ven anv\u00e4nda den medicinska termen dyspn\u00e9 f\u00f6r att beskriva andf\u00e5ddhet.<\/p>\n<p>Att k\u00e4nna br\u00f6stsammandragningar, obehag eller ett tryck som omger hela br\u00f6stkorgen kan vara ett uttryck f\u00f6r andf\u00e5ddhet, men det \u00e4r inte s\u00e4rskilt specifikt och det skulle \u00e4ven kunna handla om angina (en typ av br\u00f6stsm\u00e4rta som f\u00f6rorsakas av minskat blodfl\u00f6de till hj\u00e4rtmuskeln). Det \u00e4r viktigt att du kan beskriva de omst\u00e4ndigheter som f\u00f6religger n\u00e4r du upplever andf\u00e5ddhet.<\/p>\n<p>Det \u00e4r vanligt att k\u00e4nslan av andf\u00e5ddhet f\u00f6rekommer vid fysisk anstr\u00e4ngning. Aktiviteter som du normalt skulle hantera utan sv\u00e5righeter framkallar en k\u00e4nsla av andf\u00e5ddhet som liknar de du skulle uppleva efter en st\u00f6rre fysisk anstr\u00e4ngning. Detta kan omfatta att g\u00e5 uppf\u00f6r trappor eller i uppf\u00f6rslutning, utf\u00f6ra tr\u00e4dg\u00e5rdsarbete, eller till och med att ta p\u00e5 sig kl\u00e4derna.<\/p>\n<p>Andningssv\u00e5righeten kan uppkomma mycket gradvis, och du kan ha avf\u00e4rdat den som ett tecken p\u00e5 stigande \u00e5lder, f\u00f6rs\u00e4mrad kondition eller \u00f6vervikt. Det kan emellertid ha stor betydelse om det sker en f\u00f6r\u00e4ndring av din andning som din familj l\u00e4gger m\u00e4rke till, eller som du sj\u00e4lv konstaterar i j\u00e4mf\u00f6relse med dina j\u00e4mn\u00e5riga.<\/p>\n<h3>Andf\u00e5ddhet vid vila och nattetid<\/h3>\n<p>Det \u00e4r viktigt att kunna k\u00e4nna igen sv\u00e5r andf\u00e5ddhet som uppst\u00e5r \u00e4ven under vila och som kan f\u00f6rknippas med att man k\u00e4nner ett tryck \u00f6ver br\u00f6stet eller med v\u00e4sande andning (ett symtom som oftast f\u00f6rknippas med astma eller lungsjukdom).<\/p>\n<p>Om du k\u00e4nner andf\u00e5ddhet n\u00e4r du ligger ner och det f\u00e5r dig att anv\u00e4nda flera kuddar eller att sova i en f\u00e5t\u00f6lj p\u00e5 natten (\u00e4ven k\u00e4nd som ortopn\u00e9), \u00e4r det en indikation p\u00e5 att hj\u00e4rtats funktion har f\u00f6rs\u00e4mrats avsev\u00e4rt och att du b\u00f6r upps\u00f6ka akut sjukv\u00e5rd.<\/p>\n<p>Att vakna upp p\u00e5 natten med sv\u00e5ra skov av andf\u00e5ddhet, som ocks\u00e5 f\u00f6rb\u00e4ttras om man st\u00e4ller sig upp eller s\u00e4tter sig p\u00e5 kanten av s\u00e4ngen, (\u00e4ven k\u00e4nt som paroxysmal nattlig dyspn\u00e9), \u00e4r n\u00e4ra sammankopplade upplevelser, och indikerar att lungorna kan bli blod\u00f6verfyllda och ansamla v\u00e4tska (\u00e4ven k\u00e4nd som pleurav\u00e4tska).<\/p>\n<p>En s\u00e5dan blod\u00f6verfyllnad kan identifieras av din l\u00e4kare n\u00e4r han eller hon lyssnar p\u00e5 dina lungor eller analyserar en lungr\u00f6ntgenbild. Dessa symtom \u00e4r inte uteslutande associerade med f\u00f6rmaksflimmer och kan utg\u00f6ra ett symtom p\u00e5 vilket tillst\u00e5nd som helst med nedsatt hj\u00e4rtfunktion.<\/p>\n<p>Pl\u00f6tslig \u00f6kad andf\u00e5ddhet kan ocks\u00e5 observeras n\u00e4r hj\u00e4rtat f\u00f6rst \u00f6verg\u00e5r fr\u00e5n en normal rytm till f\u00f6rmaksflimmer. Detta kan intr\u00e4ffa under en period som kan vara mellan minuter och timmar och kan associeras med hj\u00e4rtklappning eller en k\u00e4nsla av att hj\u00e4rtat rusar.<\/p>\n<p>Andf\u00e5ddhet som uppst\u00e5r under vila kan vara pl\u00e5gsam och kommer i normala fall f\u00f6rm\u00e5 dig att upps\u00f6ka akut hj\u00e4lp fr\u00e5n din l\u00e4kare. Om f\u00f6rmaksflimmer \u00e4r intermittent, och det varar under n\u00e5gra minuter eller timmars tid innan tillst\u00e5ndet spontant \u00e5terg\u00e5r till en normal rytm, kan symtomen p\u00e5 andf\u00e5ddhet f\u00f6lja ett liknande m\u00f6nster och andningen kan vara normal mellan dessa episoder.<\/p>\n<p>N\u00e4r du beskriver detta symtom f\u00f6r din l\u00e4kare b\u00f6r du ta h\u00e4nsyn till vilka faktorer som kan f\u00f6reg\u00e5 andf\u00e5ddhet och eventuella associerade funktioner, som t.ex. v\u00e4sande andning, hj\u00e4rtklappning, och att du upplever hj\u00e4rtrusning eller br\u00f6stsm\u00e4rta.<\/p>\n<p>Det \u00e4r viktigt att inse att andf\u00e5ddhet utg\u00f6r ett symptom p\u00e5 m\u00e5nga medicinska tillst\u00e5nd och att din l\u00e4kare kommer att beh\u00f6va utesluta andra orsaker, som t.ex. klaffsjukdom, hj\u00e4rtmuskelsjukdom, angina, eller andra medicinska tillst\u00e5nd, \u00e4ven om det har fastst\u00e4llts att du lider av f\u00f6rmaksflimmer.<\/p>\n<p>D\u00e4rf\u00f6r kan ett antal <a href=\"https:\/\/www.afibmatters.org\/what-can-my-doctor-do\/useful-tests\/\">ytterligare unders\u00f6kningar<\/a> kr\u00e4vas, d\u00e4ribland blodprover, ett ekokardiogram, konditionstestning och lungfunktionstester.<\/p>\n","protected":false},"excerpt":{"rendered":"<p>Andf\u00e5ddhet \u00e4r ett mycket vanligt symptom hos personer som lider av hj\u00e4rtsjukdom. K\u00e4nslan kan beskrivas p\u00e5 olika s\u00e4tt beroende p\u00e5 vilken person det handlar om och vederb\u00f6randes omst\u00e4ndigheter, och kan innefatta andf\u00e5ddhet, andningssv\u00e5righeter, tung andning och i allvarligare fall \u2014 andn\u00f6d, lufthunger, eller en drunkningsk\u00e4nsla. Din l\u00e4kare kan \u00e4ven anv\u00e4nda den medicinska termen dyspn\u00e9 f\u00f6r [&hellip;]<\/p>\n","protected":false},"author":1,"featured_media":0,"parent":1444,"menu_order":1,"comment_status":"closed","ping_status":"closed","template":"","meta":{"_acf_changed":false,"footnotes":""},"categories":[54],"tags":[],"class_list":["post-6623","page","type-page","status-publish","hentry","category-vad-behover-jag-veta"],"acf":[],"_links":{"self":[{"href":"https:\/\/www.afibmatters.org\/sv\/wp-json\/wp\/v2\/pages\/6623","targetHints":{"allow":["GET"]}}],"collection":[{"href":"https:\/\/www.afibmatters.org\/sv\/wp-json\/wp\/v2\/pages"}],"about":[{"href":"https:\/\/www.afibmatters.org\/sv\/wp-json\/wp\/v2\/types\/page"}],"author":[{"embeddable":true,"href":"https:\/\/www.afibmatters.org\/sv\/wp-json\/wp\/v2\/users\/1"}],"replies":[{"embeddable":true,"href":"https:\/\/www.afibmatters.org\/sv\/wp-json\/wp\/v2\/comments?post=6623"}],"version-history":[{"count":2,"href":"https:\/\/www.afibmatters.org\/sv\/wp-json\/wp\/v2\/pages\/6623\/revisions"}],"predecessor-version":[{"id":6912,"href":"https:\/\/www.afibmatters.org\/sv\/wp-json\/wp\/v2\/pages\/6623\/revisions\/6912"}],"up":[{"embeddable":true,"href":"https:\/\/www.afibmatters.org\/sv\/wp-json\/wp\/v2\/pages\/1444"}],"wp:attachment":[{"href":"https:\/\/www.afibmatters.org\/sv\/wp-json\/wp\/v2\/media?parent=6623"}],"wp:term":[{"taxonomy":"category","embeddable":true,"href":"https:\/\/www.afibmatters.org\/sv\/wp-json\/wp\/v2\/categories?post=6623"},{"taxonomy":"post_tag","embeddable":true,"href":"https:\/\/www.afibmatters.org\/sv\/wp-json\/wp\/v2\/tags?post=6623"}],"curies":[{"name":"wp","href":"https:\/\/api.w.org\/{rel}","templated":true}]}}