{"id":1522,"date":"2020-03-03T11:57:09","date_gmt":"2020-03-03T11:57:09","guid":{"rendered":"https:\/\/www.afibmatters.org\/vad-kan-min-lakare-gora\/hur-man-forhindrar-aterfall\/"},"modified":"2020-03-03T11:57:09","modified_gmt":"2020-03-03T11:57:09","slug":"hur-man-forhindrar-aterfall","status":"publish","type":"page","link":"https:\/\/www.afibmatters.org\/sv\/vad-kan-min-lakare-gora\/hur-man-forhindrar-aterfall\/","title":{"rendered":"Hur man f\u00f6rhindrar \u00e5terfall"},"content":{"rendered":"<p>F\u00f6r att f\u00f6rhindra att arytmin \u00e5terkommer \u00e4r det mycket viktigt att du g\u00f6r de livsstilsf\u00f6r\u00e4ndringar och f\u00f6ljer riskfaktorkontrollen som diskuterats och rekommenderats av din l\u00e4kare.<\/p>\n<blockquote><p>L\u00e4s mer: <a href=\"https:\/\/www.afibmatters.org\/what-can-i-do\/how-should-i-change-my-life\/\">Hur b\u00f6r jag f\u00f6r\u00e4ndra mitt liv?<\/a><\/p><\/blockquote>\n<p>Dessutom kan specifika l\u00e4kemedel och ablationsprocedurer bidra till att minska risken f\u00f6r \u00e5terkommande arytmi<strong> (l\u00e4nk &#8211; \u00e5terst\u00e4lla normal rytm med medicinering; \u00e5terst\u00e4lla normal rytm med ablation).<\/strong><\/p>\n<blockquote><p>L\u00e4s mer:<\/p>\n<ul>\n<li><a href=\"https:\/\/www.afibmatters.org\/what-can-my-doctor-do\/restore-a-normal-heart-rhythm\/\">\u00c5terst\u00e4lla normal rytm med medicinering<\/a><\/li>\n<li><a href=\"https:\/\/www.afibmatters.org\/what-can-my-doctor-do\/atrial-fibrillation-ablation\/\">\u00c5terst\u00e4lla normal rytm med ablation<\/a><\/li>\n<\/ul>\n<p>&nbsp;<\/p><\/blockquote>\n","protected":false},"excerpt":{"rendered":"<p>F\u00f6r att f\u00f6rhindra att arytmin \u00e5terkommer \u00e4r det mycket viktigt att du g\u00f6r de livsstilsf\u00f6r\u00e4ndringar och f\u00f6ljer riskfaktorkontrollen som diskuterats och rekommenderats av din l\u00e4kare. L\u00e4s mer: Hur b\u00f6r jag f\u00f6r\u00e4ndra mitt liv? Dessutom kan specifika l\u00e4kemedel och ablationsprocedurer bidra till att minska risken f\u00f6r \u00e5terkommande arytmi (l\u00e4nk &#8211; \u00e5terst\u00e4lla normal rytm med medicinering; \u00e5terst\u00e4lla [&hellip;]<\/p>\n","protected":false},"author":1,"featured_media":0,"parent":1479,"menu_order":22,"comment_status":"closed","ping_status":"closed","template":"","meta":{"_acf_changed":false,"footnotes":""},"categories":[62],"tags":[],"class_list":["post-1522","page","type-page","status-publish","hentry","category-vad-kan-min-lakare-gora"],"acf":[],"_links":{"self":[{"href":"https:\/\/www.afibmatters.org\/sv\/wp-json\/wp\/v2\/pages\/1522","targetHints":{"allow":["GET"]}}],"collection":[{"href":"https:\/\/www.afibmatters.org\/sv\/wp-json\/wp\/v2\/pages"}],"about":[{"href":"https:\/\/www.afibmatters.org\/sv\/wp-json\/wp\/v2\/types\/page"}],"author":[{"embeddable":true,"href":"https:\/\/www.afibmatters.org\/sv\/wp-json\/wp\/v2\/users\/1"}],"replies":[{"embeddable":true,"href":"https:\/\/www.afibmatters.org\/sv\/wp-json\/wp\/v2\/comments?post=1522"}],"version-history":[{"count":0,"href":"https:\/\/www.afibmatters.org\/sv\/wp-json\/wp\/v2\/pages\/1522\/revisions"}],"up":[{"embeddable":true,"href":"https:\/\/www.afibmatters.org\/sv\/wp-json\/wp\/v2\/pages\/1479"}],"wp:attachment":[{"href":"https:\/\/www.afibmatters.org\/sv\/wp-json\/wp\/v2\/media?parent=1522"}],"wp:term":[{"taxonomy":"category","embeddable":true,"href":"https:\/\/www.afibmatters.org\/sv\/wp-json\/wp\/v2\/categories?post=1522"},{"taxonomy":"post_tag","embeddable":true,"href":"https:\/\/www.afibmatters.org\/sv\/wp-json\/wp\/v2\/tags?post=1522"}],"curies":[{"name":"wp","href":"https:\/\/api.w.org\/{rel}","templated":true}]}}