{"id":1462,"date":"2020-03-03T11:56:51","date_gmt":"2020-03-03T11:56:51","guid":{"rendered":"https:\/\/www.afibmatters.org\/vad-behover-jag-veta\/kan-formaksflimmer-aterkomma\/"},"modified":"2020-04-03T12:23:00","modified_gmt":"2020-04-03T11:23:00","slug":"kan-formaksflimmer-aterkomma","status":"publish","type":"page","link":"https:\/\/www.afibmatters.org\/sv\/vad-behover-jag-veta\/kan-formaksflimmer-aterkomma\/","title":{"rendered":"Kan f\u00f6rmaksflimmer \u00e5terkomma?"},"content":{"rendered":"<p>Sannolikheten f\u00f6r att f\u00f6rmaksflimmer \u00e5terkommer beror p\u00e5 de tillst\u00e5nd som \u00e4r f\u00f6rknippade med varje patient.<\/p>\n<p>Ibland uppst\u00e5r f\u00f6rmaksflimmer p\u00e5 grund av tillf\u00e4lliga medicinska tillst\u00e5nd som kan behandlas, till exempel en sk\u00f6ldk\u00f6rtelsjukdom, en infektion eller obalans i kroppens salthalter. I s\u00e5dana fall \u00e4r det mindre sannolikt att f\u00f6rmaksflimmer \u00e5terkommer p\u00e5 kort sikt efter att det akuta medicinska tillst\u00e5ndet har behandlats.<\/p>\n<p>Om en patient har andra l\u00e5ngvariga medicinska tillst\u00e5nd som predisponerar f\u00f6r f\u00f6rmaksflimmer, t.ex. h\u00f6gt blodtryck, fetma, obstruktiv s\u00f6mnapn\u00e9 osv., \u00e4r det mer sannolikt att f\u00f6rmaksflimmer \u00e5terkommer. Om dessa tillst\u00e5nd f\u00f6rblir obehandlade kommer f\u00f6rmaksflimmer sannolikt att upptr\u00e4da oftare och till och med utvecklas s\u00e5 att det blir persisterande och senare \u00e4ven permanent.<\/p>\n<p>&nbsp;<\/p>\n<p>&nbsp;<\/p>\n","protected":false},"excerpt":{"rendered":"<p>Sannolikheten f\u00f6r att f\u00f6rmaksflimmer \u00e5terkommer beror p\u00e5 de tillst\u00e5nd som \u00e4r f\u00f6rknippade med varje patient. Ibland uppst\u00e5r f\u00f6rmaksflimmer p\u00e5 grund av tillf\u00e4lliga medicinska tillst\u00e5nd som kan behandlas, till exempel en sk\u00f6ldk\u00f6rtelsjukdom, en infektion eller obalans i kroppens salthalter. I s\u00e5dana fall \u00e4r det mindre sannolikt att f\u00f6rmaksflimmer \u00e5terkommer p\u00e5 kort sikt efter att det akuta [&hellip;]<\/p>\n","protected":false},"author":1,"featured_media":0,"parent":1436,"menu_order":11,"comment_status":"closed","ping_status":"closed","template":"","meta":{"_acf_changed":false,"footnotes":""},"categories":[54],"tags":[],"class_list":["post-1462","page","type-page","status-publish","hentry","category-vad-behover-jag-veta"],"acf":[],"_links":{"self":[{"href":"https:\/\/www.afibmatters.org\/sv\/wp-json\/wp\/v2\/pages\/1462","targetHints":{"allow":["GET"]}}],"collection":[{"href":"https:\/\/www.afibmatters.org\/sv\/wp-json\/wp\/v2\/pages"}],"about":[{"href":"https:\/\/www.afibmatters.org\/sv\/wp-json\/wp\/v2\/types\/page"}],"author":[{"embeddable":true,"href":"https:\/\/www.afibmatters.org\/sv\/wp-json\/wp\/v2\/users\/1"}],"replies":[{"embeddable":true,"href":"https:\/\/www.afibmatters.org\/sv\/wp-json\/wp\/v2\/comments?post=1462"}],"version-history":[{"count":2,"href":"https:\/\/www.afibmatters.org\/sv\/wp-json\/wp\/v2\/pages\/1462\/revisions"}],"predecessor-version":[{"id":2330,"href":"https:\/\/www.afibmatters.org\/sv\/wp-json\/wp\/v2\/pages\/1462\/revisions\/2330"}],"up":[{"embeddable":true,"href":"https:\/\/www.afibmatters.org\/sv\/wp-json\/wp\/v2\/pages\/1436"}],"wp:attachment":[{"href":"https:\/\/www.afibmatters.org\/sv\/wp-json\/wp\/v2\/media?parent=1462"}],"wp:term":[{"taxonomy":"category","embeddable":true,"href":"https:\/\/www.afibmatters.org\/sv\/wp-json\/wp\/v2\/categories?post=1462"},{"taxonomy":"post_tag","embeddable":true,"href":"https:\/\/www.afibmatters.org\/sv\/wp-json\/wp\/v2\/tags?post=1462"}],"curies":[{"name":"wp","href":"https:\/\/api.w.org\/{rel}","templated":true}]}}