{"id":1449,"date":"2020-03-03T11:56:49","date_gmt":"2020-03-03T11:56:49","guid":{"rendered":"https:\/\/www.afibmatters.org\/vad-behover-jag-veta\/ar-formaksflimmer-arftligt\/"},"modified":"2020-04-03T12:39:46","modified_gmt":"2020-04-03T11:39:46","slug":"ar-formaksflimmer-arftligt","status":"publish","type":"page","link":"https:\/\/www.afibmatters.org\/sv\/vad-behover-jag-veta\/ar-formaksflimmer-arftligt\/","title":{"rendered":"\u00c4r f\u00f6rmaksflimmer \u00e4rftligt?"},"content":{"rendered":"<p>F\u00f6rmaksflimmer \u00e4r den vanligaste hj\u00e4rtrytmrubbningen och d\u00e4rf\u00f6r \u00e4r det inte ovanligt att man har sl\u00e4ktingar som har samma arytmi. N\u00e4r du blir \u00e4ldre \u00e4r det mer troligt att ditt f\u00f6rmaksflimmer \u00e4r relaterat till andra sjukdomar snarare \u00e4n ett genetiskt tillst\u00e5nd. Alla l\u00f6per <strong><a href=\"https:\/\/www.afibmatters.org\/sv\/vad-behover-jag-veta\/hur-vanligt-ar-formaksflimmer\/\">h\u00f6gre risk att utveckla f\u00f6rmaksflimmer med stigande \u00e5lder<\/a>.<\/strong><\/p>\n<p>Det har dock observerats att risken f\u00f6r f\u00f6rmaksflimmer \u00e4r h\u00f6gre i vissa familjer, \u00e4ven vid ung \u00e5lder eller utan andra medicinska tillst\u00e5nd. Detta kallas familjerelaterat f\u00f6rmaksflimmer. I vissa s\u00e4llsynta fall har det visat sig att f\u00f6r\u00e4ndringar i vissa gener kan vara ansvariga, men i de flesta fall \u00e4r orsaken fortfarande oklar. Mer forskning beh\u00f6vs f\u00f6r att klarg\u00f6ra de genetiska faktorer som \u00e4r f\u00f6rknippade med familjerelaterat f\u00f6rmaksflimmer.<\/p>\n<p>Om du har sl\u00e4ktingar med f\u00f6rmaksflimmer och \u00e4r orolig f\u00f6r att du kan utveckla tillst\u00e5ndet, b\u00f6r du ta upp detta med din l\u00e4kare. Din l\u00e4kare kan identifiera riskfaktorer f\u00f6r f\u00f6rmaksflimmer och hj\u00e4lpa dig att behandla dem.<\/p>\n<p>&nbsp;<\/p>\n<p>&nbsp;<\/p>\n","protected":false},"excerpt":{"rendered":"<p>F\u00f6rmaksflimmer \u00e4r den vanligaste hj\u00e4rtrytmrubbningen och d\u00e4rf\u00f6r \u00e4r det inte ovanligt att man har sl\u00e4ktingar som har samma arytmi. N\u00e4r du blir \u00e4ldre \u00e4r det mer troligt att ditt f\u00f6rmaksflimmer \u00e4r relaterat till andra sjukdomar snarare \u00e4n ett genetiskt tillst\u00e5nd. Alla l\u00f6per h\u00f6gre risk att utveckla f\u00f6rmaksflimmer med stigande \u00e5lder. Det har dock observerats att [&hellip;]<\/p>\n","protected":false},"author":1,"featured_media":0,"parent":1436,"menu_order":12,"comment_status":"closed","ping_status":"closed","template":"","meta":{"_acf_changed":false,"footnotes":""},"categories":[54],"tags":[],"class_list":["post-1449","page","type-page","status-publish","hentry","category-vad-behover-jag-veta"],"acf":[],"_links":{"self":[{"href":"https:\/\/www.afibmatters.org\/sv\/wp-json\/wp\/v2\/pages\/1449","targetHints":{"allow":["GET"]}}],"collection":[{"href":"https:\/\/www.afibmatters.org\/sv\/wp-json\/wp\/v2\/pages"}],"about":[{"href":"https:\/\/www.afibmatters.org\/sv\/wp-json\/wp\/v2\/types\/page"}],"author":[{"embeddable":true,"href":"https:\/\/www.afibmatters.org\/sv\/wp-json\/wp\/v2\/users\/1"}],"replies":[{"embeddable":true,"href":"https:\/\/www.afibmatters.org\/sv\/wp-json\/wp\/v2\/comments?post=1449"}],"version-history":[{"count":3,"href":"https:\/\/www.afibmatters.org\/sv\/wp-json\/wp\/v2\/pages\/1449\/revisions"}],"predecessor-version":[{"id":2332,"href":"https:\/\/www.afibmatters.org\/sv\/wp-json\/wp\/v2\/pages\/1449\/revisions\/2332"}],"up":[{"embeddable":true,"href":"https:\/\/www.afibmatters.org\/sv\/wp-json\/wp\/v2\/pages\/1436"}],"wp:attachment":[{"href":"https:\/\/www.afibmatters.org\/sv\/wp-json\/wp\/v2\/media?parent=1449"}],"wp:term":[{"taxonomy":"category","embeddable":true,"href":"https:\/\/www.afibmatters.org\/sv\/wp-json\/wp\/v2\/categories?post=1449"},{"taxonomy":"post_tag","embeddable":true,"href":"https:\/\/www.afibmatters.org\/sv\/wp-json\/wp\/v2\/tags?post=1449"}],"curies":[{"name":"wp","href":"https:\/\/api.w.org\/{rel}","templated":true}]}}