{"id":1432,"date":"2020-03-03T11:56:44","date_gmt":"2020-03-03T11:56:44","guid":{"rendered":"https:\/\/www.afibmatters.org\/vem-riskerar-att-fa-formaksflimmer\/"},"modified":"2022-03-24T10:47:47","modified_gmt":"2022-03-24T10:47:47","slug":"vem-riskerar-att-fa-formaksflimmer","status":"publish","type":"page","link":"https:\/\/www.afibmatters.org\/sv\/vad-behover-jag-veta\/vem-riskerar-att-fa-formaksflimmer\/","title":{"rendered":"Vem har en f\u00f6rh\u00f6jd risk f\u00f6r att f\u00e5 f\u00f6rmaksflimmer?"},"content":{"rendered":"<p><img loading=\"lazy\" decoding=\"async\" class=\"size-large wp-image-1043\" src=\"https:\/\/cdn-endpoint-afib.azureedge.net\/afibmatters\/2020\/01\/iStock-499570490-1024x683.jpg\" alt=\"\" width=\"1024\" height=\"683\" srcset=\"https:\/\/cdn-endpoint-afib.azureedge.net\/afibmatters\/2020\/01\/iStock-499570490-1024x683.jpg 1024w, https:\/\/cdn-endpoint-afib.azureedge.net\/afibmatters\/2020\/01\/iStock-499570490-300x200.jpg 300w, https:\/\/cdn-endpoint-afib.azureedge.net\/afibmatters\/2020\/01\/iStock-499570490-768x512.jpg 768w, https:\/\/cdn-endpoint-afib.azureedge.net\/afibmatters\/2020\/01\/iStock-499570490-1536x1024.jpg 1536w, https:\/\/cdn-endpoint-afib.azureedge.net\/afibmatters\/2020\/01\/iStock-499570490-2048x1365.jpg 2048w, https:\/\/cdn-endpoint-afib.azureedge.net\/afibmatters\/2020\/01\/iStock-499570490-500x333.jpg 500w\" sizes=\"auto, (max-width: 1024px) 100vw, 1024px\" \/><\/p>\n<p>Vi vet inte helt hur f\u00f6rmaksflimmer utvecklas, men det finns m\u00e5nga faktorer som \u00f6kar <strong>risken f\u00f6r att utveckla f\u00f6rmaksflimmer<\/strong> under ditt liv. Exempel p\u00e5 detta ges i nedanst\u00e5ende tabell. Dessa omfattar <strong>medicinska tillst\u00e5nd<\/strong> som diabetes eller njursjukdom, ut\u00f6ver hj\u00e4rtsjukdomar. Det \u00e4r viktigt att behandla dessa komorbiditeter f\u00f6r att optimera resultaten av f\u00f6rmaksflimmerbehandlingen.<\/p>\n<p>Tidigare har termen &#8220;ensamt f\u00f6rmaksflimmer&#8221; anv\u00e4nts om patienter som inte hade n\u00e5gon uppenbar riskfaktor eller ett underliggande tillst\u00e5nd, som gjort dem mer ben\u00e4gna att utveckla f\u00f6rmaksflimmer. Det finns dock allt fler bevis som pekar p\u00e5 att det finns en orsak hos alla patienter och d\u00e4rf\u00f6r \u00e4r termen &#8220;ensamt f\u00f6rmaksflimmer&#8221; f\u00f6rvirrande och b\u00f6r inte l\u00e4ngre anv\u00e4ndas.<\/p>\n<table style=\"width: 64.7997%; height: 288px;\">\n<tbody>\n<tr style=\"height: 24px;\">\n<th style=\"height: 24px;\"><strong>Livsstil<\/strong><\/th>\n<th style=\"height: 24px;\"><strong>Komorbiditeter\/andra sjukdomar<\/strong><\/th>\n<\/tr>\n<tr style=\"height: 24px;\">\n<td style=\"height: 24px;\"><a href=\"https:\/\/www.afibmatters.org\/sv\/vad-kan-jag-gora\/hur-bor-jag-forandra-mitt-liv\/alkohol\/\">Alkoholmissbruk<\/a><\/td>\n<td style=\"height: 24px;\">H\u00f6gt blodtryck\/diabetes<\/td>\n<\/tr>\n<tr style=\"height: 48px;\">\n<td style=\"height: 48px;\"><a href=\"https:\/\/www.afibmatters.org\/sv\/vad-kan-jag-gora\/hur-bor-jag-forandra-mitt-liv\/fetma\/\">Fetma<\/a><\/td>\n<td style=\"height: 48px;\">Hj\u00e4rtinfarkt\/kransk\u00e4rlssjukdom<\/td>\n<\/tr>\n<tr style=\"height: 48px;\">\n<td style=\"height: 48px;\"><a href=\"https:\/\/www.afibmatters.org\/sv\/vad-kan-jag-gora\/hur-bor-jag-forandra-mitt-liv\/fetma\/\">Fysisk inaktivitet eller uth\u00e5llighetssporter som g\u00e5r till \u00f6verdrift<\/a><\/td>\n<td style=\"height: 48px;\">Hj\u00e4rtsvikt eller hj\u00e4rtklaffssjukdomar<\/td>\n<\/tr>\n<tr style=\"height: 48px;\">\n<td style=\"height: 48px;\"><a href=\"https:\/\/www.afibmatters.org\/sv\/vad-kan-jag-gora\/hur-bor-jag-forandra-mitt-liv\/rokning\/\">R\u00f6kning<\/a><\/td>\n<td style=\"height: 48px;\">S\u00f6mnst\u00f6rningar\/obstruktiv s\u00f6mnapn\u00e9<\/td>\n<\/tr>\n<tr style=\"height: 24px;\">\n<td style=\"height: 24px;\"><a href=\"https:\/\/www.afibmatters.org\/sv\/vad-kan-jag-gora\/hur-bor-jag-forandra-mitt-liv\/stress\/\">Stress<\/a><\/td>\n<td style=\"height: 24px;\">Hj\u00e4rtkirurgi<\/td>\n<\/tr>\n<tr style=\"height: 24px;\">\n<td style=\"height: 24px;\">Missbruk av stimulantia (inklusive koffein)<\/td>\n<td style=\"height: 24px;\">Tyreotoxikos (hyperaktiv sk\u00f6ldk\u00f6rtel)<\/td>\n<\/tr>\n<tr style=\"height: 24px;\">\n<td style=\"height: 24px;\"><\/td>\n<td style=\"height: 24px;\">Lunginfektion<\/td>\n<\/tr>\n<tr style=\"height: 24px;\">\n<td style=\"height: 24px;\"><\/td>\n<td style=\"height: 24px;\">Medf\u00f6dd hj\u00e4rtsjukdom<\/td>\n<\/tr>\n<\/tbody>\n<\/table>\n<p>&nbsp;<\/p>\n","protected":false},"excerpt":{"rendered":"<p>Vi vet inte helt hur f\u00f6rmaksflimmer utvecklas, men det finns m\u00e5nga faktorer som \u00f6kar risken f\u00f6r att utveckla f\u00f6rmaksflimmer under ditt liv. Exempel p\u00e5 detta ges i nedanst\u00e5ende tabell. Dessa omfattar medicinska tillst\u00e5nd som diabetes eller njursjukdom, ut\u00f6ver hj\u00e4rtsjukdomar. Det \u00e4r viktigt att behandla dessa komorbiditeter f\u00f6r att optimera resultaten av f\u00f6rmaksflimmerbehandlingen. Tidigare har termen [&hellip;]<\/p>\n","protected":false},"author":1,"featured_media":0,"parent":1436,"menu_order":8,"comment_status":"closed","ping_status":"closed","template":"","meta":{"_acf_changed":false,"footnotes":""},"categories":[54],"tags":[],"class_list":["post-1432","page","type-page","status-publish","hentry","category-vad-behover-jag-veta"],"acf":[],"_links":{"self":[{"href":"https:\/\/www.afibmatters.org\/sv\/wp-json\/wp\/v2\/pages\/1432","targetHints":{"allow":["GET"]}}],"collection":[{"href":"https:\/\/www.afibmatters.org\/sv\/wp-json\/wp\/v2\/pages"}],"about":[{"href":"https:\/\/www.afibmatters.org\/sv\/wp-json\/wp\/v2\/types\/page"}],"author":[{"embeddable":true,"href":"https:\/\/www.afibmatters.org\/sv\/wp-json\/wp\/v2\/users\/1"}],"replies":[{"embeddable":true,"href":"https:\/\/www.afibmatters.org\/sv\/wp-json\/wp\/v2\/comments?post=1432"}],"version-history":[{"count":3,"href":"https:\/\/www.afibmatters.org\/sv\/wp-json\/wp\/v2\/pages\/1432\/revisions"}],"predecessor-version":[{"id":6570,"href":"https:\/\/www.afibmatters.org\/sv\/wp-json\/wp\/v2\/pages\/1432\/revisions\/6570"}],"up":[{"embeddable":true,"href":"https:\/\/www.afibmatters.org\/sv\/wp-json\/wp\/v2\/pages\/1436"}],"wp:attachment":[{"href":"https:\/\/www.afibmatters.org\/sv\/wp-json\/wp\/v2\/media?parent=1432"}],"wp:term":[{"taxonomy":"category","embeddable":true,"href":"https:\/\/www.afibmatters.org\/sv\/wp-json\/wp\/v2\/categories?post=1432"},{"taxonomy":"post_tag","embeddable":true,"href":"https:\/\/www.afibmatters.org\/sv\/wp-json\/wp\/v2\/tags?post=1432"}],"curies":[{"name":"wp","href":"https:\/\/api.w.org\/{rel}","templated":true}]}}