{"id":1402,"date":"2020-03-03T11:56:36","date_gmt":"2020-03-03T11:56:36","guid":{"rendered":"https:\/\/www.afibmatters.org\/vad-ar-formaksflimmer\/de-olika-typerna-av-formaksflimmer\/"},"modified":"2022-01-26T15:51:42","modified_gmt":"2022-01-26T15:51:42","slug":"de-olika-typerna-av-formaksflimmer","status":"publish","type":"page","link":"https:\/\/www.afibmatters.org\/sv\/vad-ar-formaksflimmer\/de-olika-typerna-av-formaksflimmer\/","title":{"rendered":"De olika typerna av f\u00f6rmaksflimmer"},"content":{"rendered":"<p><img loading=\"lazy\" decoding=\"async\" class=\"aligncenter wp-image-5532\" src=\"https:\/\/cdn-endpoint-afib.azureedge.net\/afibmatters\/2022\/01\/iStock-653030504-Converted-e1576842831897-1024x865-min.jpg?_t=1643212286\" alt=\"\" width=\"400\" height=\"338\" srcset=\"https:\/\/www.afibmatters.org\/wp-content\/uploads\/2022\/01\/iStock-653030504-Converted-e1576842831897-1024x865-min.jpg 1024w, https:\/\/www.afibmatters.org\/wp-content\/uploads\/2022\/01\/iStock-653030504-Converted-e1576842831897-1024x865-min-300x253.jpg 300w, https:\/\/www.afibmatters.org\/wp-content\/uploads\/2022\/01\/iStock-653030504-Converted-e1576842831897-1024x865-min-768x649.jpg 768w, https:\/\/www.afibmatters.org\/wp-content\/uploads\/2022\/01\/iStock-653030504-Converted-e1576842831897-1024x865-min-429x362.jpg 429w\" sizes=\"auto, (max-width: 400px) 100vw, 400px\" \/><\/p>\n<p>&nbsp;<\/p>\n<p>Om f\u00f6rmaksflimmer upph\u00f6r inom kort tid kallas det <strong>paroxysmalt, <\/strong>men om f\u00f6rmaksflimmer f\u00f6rekommer oftare, eller forts\u00e4tter under l\u00e4ngre perioder, blir det ett <strong>persisterande<\/strong> tillst\u00e5nd. N\u00e4r den normala hj\u00e4rtrytmen inte kan \u00e5terst\u00e4llas kallas f\u00f6rmaksflimret <strong>permanent<\/strong>. Dessa typer av f\u00f6rmaksflimmer reagerar olika vid eventuell behandling och hanteras d\u00e4rf\u00f6r p\u00e5 olika s\u00e4tt.<\/p>\n<p>&nbsp;<\/p>\n<table>\n<tbody>\n<tr>\n<th><strong>Paroxysmalt<\/strong><\/th>\n<td>Episoder med f\u00f6rmaksflimmer som varar mindre \u00e4n 7 dagar.<\/td>\n<\/tr>\n<tr>\n<th><strong>Persisterande<\/strong><\/th>\n<td>En episod med f\u00f6rmaksflimmer som varar l\u00e4ngre \u00e4n 7 dagar.<\/td>\n<\/tr>\n<tr>\n<th><strong>L\u00e5ngvarigt persisterande<\/strong><\/th>\n<td>En episod med f\u00f6rmaksflimmer som varar l\u00e4ngre \u00e4n 1 \u00e5r.<\/td>\n<\/tr>\n<tr>\n<th><strong>Permanent<\/strong><\/th>\n<td>N\u00e4r inget f\u00f6rs\u00f6k g\u00f6rs, eller det blir om\u00f6jligt, att \u00e5terst\u00e4lla normal rytm.<\/td>\n<\/tr>\n<\/tbody>\n<\/table>\n<p>&nbsp;<\/p>\n<p>&nbsp;<\/p>\n","protected":false},"excerpt":{"rendered":"<p>&nbsp; Om f\u00f6rmaksflimmer upph\u00f6r inom kort tid kallas det paroxysmalt, men om f\u00f6rmaksflimmer f\u00f6rekommer oftare, eller forts\u00e4tter under l\u00e4ngre perioder, blir det ett persisterande tillst\u00e5nd. N\u00e4r den normala hj\u00e4rtrytmen inte kan \u00e5terst\u00e4llas kallas f\u00f6rmaksflimret permanent. Dessa typer av f\u00f6rmaksflimmer reagerar olika vid eventuell behandling och hanteras d\u00e4rf\u00f6r p\u00e5 olika s\u00e4tt. &nbsp; Paroxysmalt Episoder med f\u00f6rmaksflimmer [&hellip;]<\/p>\n","protected":false},"author":1,"featured_media":0,"parent":1399,"menu_order":5,"comment_status":"closed","ping_status":"closed","template":"","meta":{"_acf_changed":false,"footnotes":""},"categories":[48],"tags":[],"class_list":["post-1402","page","type-page","status-publish","hentry","category-vad-ar-formaksflimmer"],"acf":[],"_links":{"self":[{"href":"https:\/\/www.afibmatters.org\/sv\/wp-json\/wp\/v2\/pages\/1402","targetHints":{"allow":["GET"]}}],"collection":[{"href":"https:\/\/www.afibmatters.org\/sv\/wp-json\/wp\/v2\/pages"}],"about":[{"href":"https:\/\/www.afibmatters.org\/sv\/wp-json\/wp\/v2\/types\/page"}],"author":[{"embeddable":true,"href":"https:\/\/www.afibmatters.org\/sv\/wp-json\/wp\/v2\/users\/1"}],"replies":[{"embeddable":true,"href":"https:\/\/www.afibmatters.org\/sv\/wp-json\/wp\/v2\/comments?post=1402"}],"version-history":[{"count":3,"href":"https:\/\/www.afibmatters.org\/sv\/wp-json\/wp\/v2\/pages\/1402\/revisions"}],"predecessor-version":[{"id":5902,"href":"https:\/\/www.afibmatters.org\/sv\/wp-json\/wp\/v2\/pages\/1402\/revisions\/5902"}],"up":[{"embeddable":true,"href":"https:\/\/www.afibmatters.org\/sv\/wp-json\/wp\/v2\/pages\/1399"}],"wp:attachment":[{"href":"https:\/\/www.afibmatters.org\/sv\/wp-json\/wp\/v2\/media?parent=1402"}],"wp:term":[{"taxonomy":"category","embeddable":true,"href":"https:\/\/www.afibmatters.org\/sv\/wp-json\/wp\/v2\/categories?post=1402"},{"taxonomy":"post_tag","embeddable":true,"href":"https:\/\/www.afibmatters.org\/sv\/wp-json\/wp\/v2\/tags?post=1402"}],"curies":[{"name":"wp","href":"https:\/\/api.w.org\/{rel}","templated":true}]}}