{"id":6710,"date":"2022-03-24T10:50:09","date_gmt":"2022-03-24T10:50:09","guid":{"rendered":"https:\/\/www.afibmatters.org\/o-que-posso-fazer\/como-devo-mudar-a-minha-vida\/tabagismo\/"},"modified":"2022-03-24T10:50:09","modified_gmt":"2022-03-24T10:50:09","slug":"tabagismo","status":"publish","type":"page","link":"https:\/\/www.afibmatters.org\/pt-pt\/o-que-posso-fazer\/como-devo-mudar-a-minha-vida\/tabagismo\/","title":{"rendered":"Tabagismo"},"content":{"rendered":"<h3><img loading=\"lazy\" decoding=\"async\" class=\"alignnone wp-image-6429 size-full\" src=\"https:\/\/cdn-endpoint-afib.azureedge.net\/afibmatters\/2022\/03\/shutterstock_1252774594-1-min.jpg?_t=1646320517\" alt=\"\" width=\"900\" height=\"600\" srcset=\"https:\/\/cdn-endpoint-afib.azureedge.net\/afibmatters\/2022\/03\/shutterstock_1252774594-1-min.jpg 900w, https:\/\/cdn-endpoint-afib.azureedge.net\/afibmatters\/2022\/03\/shutterstock_1252774594-1-min-300x200.jpg 300w, https:\/\/cdn-endpoint-afib.azureedge.net\/afibmatters\/2022\/03\/shutterstock_1252774594-1-min-768x512.jpg 768w, https:\/\/cdn-endpoint-afib.azureedge.net\/afibmatters\/2022\/03\/shutterstock_1252774594-1-min-500x333.jpg 500w\" sizes=\"auto, (max-width: 900px) 100vw, 900px\" \/><\/h3>\n<h3>Cigarros de tabaco<\/h3>\n<p>O tabagismo \u00e9 o fator de risco para a sa\u00fade evit\u00e1vel mais importante para doen\u00e7as card\u00edacas. Causa aterosclerose (calcifica\u00e7\u00e3o vascular) e o estreitamento das art\u00e9rias do cora\u00e7\u00e3o (coron\u00e1rias) o que, em \u00faltima an\u00e1lise, leva a ataques card\u00edacos e morte s\u00fabita card\u00edaca.<\/p>\n<p>Al\u00e9m disso, o tabagismo \u00e9 respons\u00e1vel por 27% de todos os cancros e est\u00e1 diretamente ligado a 700.000 mortes prematuras por ano na Europa. Na maioria dos pa\u00edses europeus, o n\u00famero de fumadores estagnou ou diminuiu nas \u00faltimas d\u00e9cadas. No entanto, em 2020, 25% da popula\u00e7\u00e3o europeia no seu conjunto e at\u00e9 29% dos jovens entre os 15 e os 24 anos eram fumadores.<\/p>\n<p>Atualmente, ningu\u00e9m precisa de ser convencido dos efeitos negativos do tabagismo. O facto de os fumadores terem claramente um maior risco de fibrilha\u00e7\u00e3o auricular \u00e9 um aspeto menos conhecido entre a popula\u00e7\u00e3o em geral. Contrariamente ao desenvolvimento da doen\u00e7a vascular, o mecanismo atrav\u00e9s do qual o tabagismo \u00e9 respons\u00e1vel por esse fen\u00f3meno \u00e9 menos conhecido. No entanto, \u00e9 claro que os fumadores t\u00eam um risco 1,5 a 2 vezes maior de desenvolver fibrilha\u00e7\u00e3o auricular durante a sua vida comparativamente aos n\u00e3o fumadores.<\/p>\n<p>O risco aumenta consoante a quantidade de pessoas que fumam e o n\u00famero de anos que fumaram. Deixar de fumar reduz o risco, mas o risco continua significativamente superior em compara\u00e7\u00e3o com algu\u00e9m que nunca fumou. Portanto, a mensagem subjacente aqui \u00e9: <strong>nunca comece a fumar! <\/strong> <\/p>\n<p>Al\u00e9m disso, o tabagismo contribui para condi\u00e7\u00f5es que aumentam o risco de fibrilha\u00e7\u00e3o auricular, como certas doen\u00e7as pulmonares (por exemplo, DPOC \u2013 Doen\u00e7a Pulmonar Obstrutiva Cr\u00f3nica), apneia do sono, doen\u00e7a card\u00edaca isqu\u00e9mica e insufici\u00eancia card\u00edaca.<\/p>\n<p>O tratamento destes fatores de risco faz parte da gest\u00e3o da fibrilha\u00e7\u00e3o auricular. A cessa\u00e7\u00e3o do tabagismo tem um efeito ben\u00e9fico sobre estes fatores de risco e, consequentemente, um efeito indiretamente ben\u00e9fico sobre a preven\u00e7\u00e3o da fibrilha\u00e7\u00e3o auricular.<\/p>\n<p>Sabe-se tamb\u00e9m que o tabagismo passivo aumenta o risco de fibrilha\u00e7\u00e3o auricular. O risco aumenta significativamente, sobretudo quando a exposi\u00e7\u00e3o ocorre em idades mais jovens. O tabagismo passivo durante a gravidez e a inf\u00e2ncia est\u00e1 associado a um risco acrescido de fibrilha\u00e7\u00e3o auricular de at\u00e9 40%.<\/p>\n<p>&nbsp;<\/p>\n<h3>Cigarros eletr\u00f3nicos<\/h3>\n<p>Desde 2007 que houve um aumento significativo no n\u00famero de fumadores de cigarros eletr\u00f3nicos. Espera-se que esta forma de tabagismo ajude as pessoas a deixar de fumar completamente, sendo considerada mais segura do que os cl\u00e1ssicos cigarros de tabaco. Estes dispositivos n\u00e3o cont\u00eam os produtos de combust\u00e3o t\u00edpicos, tais como o mon\u00f3xido de carbono nocivo, e muitos agentes cancer\u00edgenos importantes.<\/p>\n<p>No entanto, ainda n\u00e3o h\u00e1 grandes estudos que examinem o efeito a longo prazo dos cigarros eletr\u00f3nicos na sa\u00fade cardiovascular, incluindo um poss\u00edvel risco acrescido de fibrilha\u00e7\u00e3o auricular.<\/p>\n<p>Alguns casos foram descritos na literatura, em que o uso de cigarros eletr\u00f3nicos pode estar associado \u00e0 ocorr\u00eancia de fibrilha\u00e7\u00e3o auricular. No entanto, os dados ainda s\u00e3o limitados e, certamente, ainda n\u00e3o foi demonstrado se este poss\u00edvel risco acrescido est\u00e1 relacionado com a nicotina ou com outras subst\u00e2ncias de aspira\u00e7\u00e3o dos cigarros eletr\u00f3nicos.<\/p>\n<p>Ainda n\u00e3o foram estudadas muitas emiss\u00f5es geradas pelos cigarros eletr\u00f3nicos atrav\u00e9s do aquecimento da combina\u00e7\u00e3o de \u00e1gua, aromatizantes, solventes e nicotina.<\/p>\n<p>&nbsp;<\/p>\n<h3>Terap\u00eautica de substitui\u00e7\u00e3o da nicotina<\/h3>\n<p>A nicotina \u00e9 o componente mais estudado at\u00e9 ao momento, mas a rela\u00e7\u00e3o entre a nicotina e a fibrilha\u00e7\u00e3o auricular ainda n\u00e3o \u00e9 clara. Existem alguns estudos de curta dura\u00e7\u00e3o dispon\u00edveis sobre terap\u00eauticas de substitui\u00e7\u00e3o da nicotina, como adesivos de nicotina. No entanto, isto n\u00e3o parece indicar um risco claramente acrescido do desenvolvimento de fibrilha\u00e7\u00e3o auricular.<\/p>\n","protected":false},"excerpt":{"rendered":"<p>Cigarros de tabaco O tabagismo \u00e9 o fator de risco para a sa\u00fade evit\u00e1vel mais importante para doen\u00e7as card\u00edacas. Causa aterosclerose (calcifica\u00e7\u00e3o vascular) e o estreitamento das art\u00e9rias do cora\u00e7\u00e3o (coron\u00e1rias) o que, em \u00faltima an\u00e1lise, leva a ataques card\u00edacos e morte s\u00fabita card\u00edaca. Al\u00e9m disso, o tabagismo \u00e9 respons\u00e1vel por 27% de todos os [&hellip;]<\/p>\n","protected":false},"author":1,"featured_media":0,"parent":1984,"menu_order":9,"comment_status":"closed","ping_status":"closed","template":"","meta":{"_acf_changed":false,"footnotes":""},"categories":[80],"tags":[],"class_list":["post-6710","page","type-page","status-publish","hentry","category-o-que-posso-fazer"],"acf":[],"_links":{"self":[{"href":"https:\/\/www.afibmatters.org\/pt-pt\/wp-json\/wp\/v2\/pages\/6710","targetHints":{"allow":["GET"]}}],"collection":[{"href":"https:\/\/www.afibmatters.org\/pt-pt\/wp-json\/wp\/v2\/pages"}],"about":[{"href":"https:\/\/www.afibmatters.org\/pt-pt\/wp-json\/wp\/v2\/types\/page"}],"author":[{"embeddable":true,"href":"https:\/\/www.afibmatters.org\/pt-pt\/wp-json\/wp\/v2\/users\/1"}],"replies":[{"embeddable":true,"href":"https:\/\/www.afibmatters.org\/pt-pt\/wp-json\/wp\/v2\/comments?post=6710"}],"version-history":[{"count":0,"href":"https:\/\/www.afibmatters.org\/pt-pt\/wp-json\/wp\/v2\/pages\/6710\/revisions"}],"up":[{"embeddable":true,"href":"https:\/\/www.afibmatters.org\/pt-pt\/wp-json\/wp\/v2\/pages\/1984"}],"wp:attachment":[{"href":"https:\/\/www.afibmatters.org\/pt-pt\/wp-json\/wp\/v2\/media?parent=6710"}],"wp:term":[{"taxonomy":"category","embeddable":true,"href":"https:\/\/www.afibmatters.org\/pt-pt\/wp-json\/wp\/v2\/categories?post=6710"},{"taxonomy":"post_tag","embeddable":true,"href":"https:\/\/www.afibmatters.org\/pt-pt\/wp-json\/wp\/v2\/tags?post=6710"}],"curies":[{"name":"wp","href":"https:\/\/api.w.org\/{rel}","templated":true}]}}