{"id":6654,"date":"2022-03-24T10:49:12","date_gmt":"2022-03-24T10:49:12","guid":{"rendered":"https:\/\/www.afibmatters.org\/o-que-preciso-saber\/o-que-posso-sentir-se-estiver-com-fibrilhacao-auricular\/fadiga\/"},"modified":"2022-03-24T10:49:12","modified_gmt":"2022-03-24T10:49:12","slug":"fadiga","status":"publish","type":"page","link":"https:\/\/www.afibmatters.org\/pt-pt\/o-que-preciso-saber\/o-que-posso-sentir-se-estiver-com-fibrilhacao-auricular\/fadiga\/","title":{"rendered":"Fadiga"},"content":{"rendered":"<p><img loading=\"lazy\" decoding=\"async\" class=\"alignnone wp-image-6357 size-full\" src=\"https:\/\/cdn-endpoint-afib.azureedge.net\/afibmatters\/2022\/03\/shutterstock_1018438789-1-min.jpg?_t=1646320214\" alt=\"\" width=\"900\" height=\"600\" srcset=\"https:\/\/cdn-endpoint-afib.azureedge.net\/afibmatters\/2022\/03\/shutterstock_1018438789-1-min.jpg 900w, https:\/\/cdn-endpoint-afib.azureedge.net\/afibmatters\/2022\/03\/shutterstock_1018438789-1-min-300x200.jpg 300w, https:\/\/cdn-endpoint-afib.azureedge.net\/afibmatters\/2022\/03\/shutterstock_1018438789-1-min-768x512.jpg 768w, https:\/\/cdn-endpoint-afib.azureedge.net\/afibmatters\/2022\/03\/shutterstock_1018438789-1-min-500x333.jpg 500w\" sizes=\"auto, (max-width: 900px) 100vw, 900px\" \/><\/p>\n<p>Um dos sintomas da fibrilha\u00e7\u00e3o auricular \u00e9 a fadiga. \u00c9 normal sentir-se cansado de tempos a tempos mas, caso se sinta constantemente exausto ou cansado, seja de forma repentina ou persistente, tal justifica uma investiga\u00e7\u00e3o mais aprofundada.<\/p>\n<p>Cansa\u00e7o, exaust\u00e3o, cansar-se com facilidade ou uma falta de energia geral s\u00e3o sensa\u00e7\u00f5es que podem ser atribu\u00eddas a uma ampla variedade de condi\u00e7\u00f5es m\u00e9dicas subjacentes das quais poder\u00e1 n\u00e3o ter consci\u00eancia. As condi\u00e7\u00f5es comuns incluem anemia, insufici\u00eancia de vitamina D, problemas de tiroide e fibrilha\u00e7\u00e3o auricular.<\/p>\n<p>O cansa\u00e7o resultante da fibrilha\u00e7\u00e3o auricular \u00e9 causado por um batimento card\u00edaco err\u00e1tico e mais r\u00e1pido do que o habitual. Isto leva a uma falta de coordena\u00e7\u00e3o entre diferentes c\u00e2maras card\u00edacas, o que torna o bombeamento do sangue menos eficiente. Como resultado, o fornecimento de oxig\u00e9nio aos \u00f3rg\u00e3os \u00e9 afetado, causando a sensa\u00e7\u00e3o de exaust\u00e3o.<\/p>\n<p>Alguns medicamentos prescritos pelo seu m\u00e9dico podem ajudar a aliviar a fadiga da fibrilha\u00e7\u00e3o auricular, mas o tratamento mais eficiente \u00e9 a reposi\u00e7\u00e3o de um ritmo card\u00edaco normal. Por vezes, a fibrilha\u00e7\u00e3o auricular pode ser controlada com medicamentos e\/ou procedimentos m\u00e9dicos conhecidos, como cardiovers\u00e3o e abla\u00e7\u00e3o. A maioria dos doentes \u00e9 eleg\u00edvel para este tratamento, mas existem determinadas circunst\u00e2ncias ou comorbidades que tornariam in\u00fateis tais tentativas sendo, por isso, geralmente evitadas.<\/p>\n<p>Para saber mais sobre estes procedimentos, clique na hiperliga\u00e7\u00e3o para as seguintes p\u00e1ginas:<\/p>\n<ul>\n<li><a href=\"https:\/\/www.afibmatters.org\/what-can-my-doctor-do\/what-is-a-cardioversion\/\">&#8220;O que \u00e9 uma cardiovers\u00e3o?&#8221;<\/a><\/li>\n<li><a href=\"https:\/\/www.afibmatters.org\/what-can-my-doctor-do\/atrial-fibrillation-ablation\/\">&#8220;O que \u00e9 uma abla\u00e7\u00e3o?&#8221;<\/a><\/li>\n<\/ul>\n","protected":false},"excerpt":{"rendered":"<p>Um dos sintomas da fibrilha\u00e7\u00e3o auricular \u00e9 a fadiga. \u00c9 normal sentir-se cansado de tempos a tempos mas, caso se sinta constantemente exausto ou cansado, seja de forma repentina ou persistente, tal justifica uma investiga\u00e7\u00e3o mais aprofundada. Cansa\u00e7o, exaust\u00e3o, cansar-se com facilidade ou uma falta de energia geral s\u00e3o sensa\u00e7\u00f5es que podem ser atribu\u00eddas a [&hellip;]<\/p>\n","protected":false},"author":1,"featured_media":0,"parent":1962,"menu_order":0,"comment_status":"closed","ping_status":"closed","template":"","meta":{"_acf_changed":false,"footnotes":""},"categories":[78],"tags":[],"class_list":["post-6654","page","type-page","status-publish","hentry","category-o-que-preciso-saber"],"acf":[],"_links":{"self":[{"href":"https:\/\/www.afibmatters.org\/pt-pt\/wp-json\/wp\/v2\/pages\/6654","targetHints":{"allow":["GET"]}}],"collection":[{"href":"https:\/\/www.afibmatters.org\/pt-pt\/wp-json\/wp\/v2\/pages"}],"about":[{"href":"https:\/\/www.afibmatters.org\/pt-pt\/wp-json\/wp\/v2\/types\/page"}],"author":[{"embeddable":true,"href":"https:\/\/www.afibmatters.org\/pt-pt\/wp-json\/wp\/v2\/users\/1"}],"replies":[{"embeddable":true,"href":"https:\/\/www.afibmatters.org\/pt-pt\/wp-json\/wp\/v2\/comments?post=6654"}],"version-history":[{"count":0,"href":"https:\/\/www.afibmatters.org\/pt-pt\/wp-json\/wp\/v2\/pages\/6654\/revisions"}],"up":[{"embeddable":true,"href":"https:\/\/www.afibmatters.org\/pt-pt\/wp-json\/wp\/v2\/pages\/1962"}],"wp:attachment":[{"href":"https:\/\/www.afibmatters.org\/pt-pt\/wp-json\/wp\/v2\/media?parent=6654"}],"wp:term":[{"taxonomy":"category","embeddable":true,"href":"https:\/\/www.afibmatters.org\/pt-pt\/wp-json\/wp\/v2\/categories?post=6654"},{"taxonomy":"post_tag","embeddable":true,"href":"https:\/\/www.afibmatters.org\/pt-pt\/wp-json\/wp\/v2\/tags?post=6654"}],"curies":[{"name":"wp","href":"https:\/\/api.w.org\/{rel}","templated":true}]}}