{"id":6633,"date":"2022-03-24T10:48:51","date_gmt":"2022-03-24T10:48:51","guid":{"rendered":"https:\/\/www.afibmatters.org\/o-que-preciso-saber\/o-que-posso-sentir-se-estiver-com-fibrilhacao-auricular\/palpitacoes\/"},"modified":"2022-03-29T11:24:23","modified_gmt":"2022-03-29T10:24:23","slug":"palpitacoes","status":"publish","type":"page","link":"https:\/\/www.afibmatters.org\/pt-pt\/o-que-preciso-saber\/o-que-posso-sentir-se-estiver-com-fibrilhacao-auricular\/palpitacoes\/","title":{"rendered":"Palpita\u00e7\u00f5es"},"content":{"rendered":"<p><img loading=\"lazy\" decoding=\"async\" class=\"alignnone wp-image-3635 size-large\" src=\"https:\/\/cdn-endpoint-afib.azureedge.net\/afibmatters\/2021\/06\/shutterstock_1720383349-2-1024x667.jpg?_t=1646320170\" alt=\"\" width=\"1024\" height=\"667\" srcset=\"https:\/\/cdn-endpoint-afib.azureedge.net\/afibmatters\/2021\/06\/shutterstock_1720383349-2-1024x667.jpg 1024w, https:\/\/cdn-endpoint-afib.azureedge.net\/afibmatters\/2021\/06\/shutterstock_1720383349-2-300x196.jpg 300w, https:\/\/cdn-endpoint-afib.azureedge.net\/afibmatters\/2021\/06\/shutterstock_1720383349-2-768x501.jpg 768w, https:\/\/cdn-endpoint-afib.azureedge.net\/afibmatters\/2021\/06\/shutterstock_1720383349-2-1536x1001.jpg 1536w, https:\/\/cdn-endpoint-afib.azureedge.net\/afibmatters\/2021\/06\/shutterstock_1720383349-2-2048x1335.jpg 2048w, https:\/\/cdn-endpoint-afib.azureedge.net\/afibmatters\/2021\/06\/shutterstock_1720383349-2-500x326.jpg 500w\" sizes=\"auto, (max-width: 1024px) 100vw, 1024px\" \/><\/p>\n<p>Um dos motivos mais comuns para os indiv\u00edduos procurarem aconselhamento junto dos seus m\u00e9dicos \u00e9 a sensa\u00e7\u00e3o de consci\u00eancia dos seus pr\u00f3prios batimentos card\u00edacos ou palpita\u00e7\u00f5es. Ocasionalmente, todos n\u00f3s teremos consci\u00eancia dos nossos batimentos card\u00edacos, sobretudo ap\u00f3s o exerc\u00edcio, quando estamos nervosos ou talvez quando estamos doentes, com uma infe\u00e7\u00e3o. \u00c9 compreens\u00edvel que estes sintomas sejam preocupantes, mas \u00e9 importante lembrar que nem sempre s\u00e3o caracter\u00edsticos de doen\u00e7a card\u00edaca.<\/p>\n<p>O termo &#8220;palpita\u00e7\u00e3o&#8221; abrange um amplo conjunto de ritmos card\u00edacos, incluindo a consci\u00eancia de um ritmo card\u00edaco normal que pode parecer mais forte ou um pouco mais r\u00e1pido do que o normal. Outros sintomas comuns incluem a consci\u00eancia de batimentos card\u00edacos irregulares, sejam eles inexistentes, omitidos, reduzidos ou irregulares.<\/p>\n<p>Pode ocorrer, com uma menor frequ\u00eancia, uma sensa\u00e7\u00e3o de batimento card\u00edaco muito r\u00e1pido, seja uma &#8220;tremula\u00e7\u00e3o&#8221; ou uma sensa\u00e7\u00e3o de cora\u00e7\u00e3o &#8220;acelerado&#8221;. Existem diferentes causas para essas apresenta\u00e7\u00f5es, mas aqui iremos concentrar-nos naquelas associadas \u00e0 fibrilha\u00e7\u00e3o auricular.<\/p>\n<p>Embora a consci\u00eancia de uma mudan\u00e7a no ritmo card\u00edaco seja uma caracter\u00edstica importante da fibrilha\u00e7\u00e3o auricular, uma propor\u00e7\u00e3o significativa de indiv\u00edduos pode n\u00e3o estar ciente de qualquer mudan\u00e7a no ritmo card\u00edaco. Em vez disso, os indiv\u00edduos podem apresentar-se assintom\u00e1ticos ou sentir outros sintomas, como falta de ar, fadiga, desconforto no peito ou tonturas.<\/p>\n<p>Na era moderna dos smartwatches e fitness trackers (ou ao frequentar um gin\u00e1sio), pode ter sido alertado para uma poss\u00edvel anormalidade no ritmo card\u00edaco da qual n\u00e3o estava ciente. Isto causa frequentemente uma grande ansiedade, devendo ter-se em aten\u00e7\u00e3o que estes dispositivos nem sempre s\u00e3o precisos e t\u00eam um baixo limiar no que diz respeito \u00e0 comunica\u00e7\u00e3o de anomalias.<\/p>\n<p>&nbsp;<\/p>\n<h3>Palpita\u00e7\u00f5es na fibrilha\u00e7\u00e3o auricular<\/h3>\n<p>A principal caracter\u00edstica da fibrilha\u00e7\u00e3o auricular \u00e9 a exist\u00eancia de batimentos card\u00edacos irregulares. A pausa entre cada batimento varia de forma imprevis\u00edvel, dando origem ao termo &#8220;irregularmente irregular&#8221;. Pode ter consci\u00eancia disto devido a uma sensa\u00e7\u00e3o de tremula\u00e7\u00e3o ou a uma sensa\u00e7\u00e3o de que os batimentos s\u00e3o desiguais, com especial consci\u00eancia de batidas mais fortes que ocorrem de forma err\u00e1tica. Esta sensa\u00e7\u00e3o pode ser mais evidente ao fazer exerc\u00edcio ou ao descansar na cama \u00e0 noite.<\/p>\n<p>O leitor ou o seu m\u00e9dico podem ser capazes de detetar esta irregularidade ao sentir a sua pulsa\u00e7\u00e3o. No entanto, existem outras causas para esta sensa\u00e7\u00e3o. Por exemplo, batimentos extra ou ect\u00f3picos que muitas vezes dificultam um diagn\u00f3stico definitivo sem um registo do cora\u00e7\u00e3o (tamb\u00e9m conhecido como eletrocardiograma \u2013 ECG) quando surgem sintomas. Este tamb\u00e9m pode ser o caso quando a frequ\u00eancia card\u00edaca \u00e9 particularmente r\u00e1pida, podendo ser imposs\u00edvel para si ou para o seu m\u00e9dico determinar se o ritmo \u00e9 irregular apenas atrav\u00e9s da medi\u00e7\u00e3o da pulsa\u00e7\u00e3o.<\/p>\n<p>As palpita\u00e7\u00f5es devido a fibrilha\u00e7\u00e3o auricular podem ser &#8220;persistentes&#8221;. Isto significa que as palpita\u00e7\u00f5es continuam durante sete dias ou mais (geralmente at\u00e9 ser realizada uma interven\u00e7\u00e3o m\u00e9dica, como uma cardiovers\u00e3o, para que o cora\u00e7\u00e3o volte a um ritmo normal) ou ocorre &#8220;paroxismo&#8221;, ou seja, as palpita\u00e7\u00f5es continuam durante um per\u00edodo antes de o cora\u00e7\u00e3o voltar espontaneamente a um ritmo normal.<\/p>\n<p>Os epis\u00f3dios de fibrilha\u00e7\u00e3o auricular, particularmente quando a frequ\u00eancia card\u00edaca \u00e9 r\u00e1pida, podem ser muito problem\u00e1ticos e incapacitantes devido \u00e0 consci\u00eancia do ritmo isoladamente ou aos sintomas associados de falta de ar, tonturas, perda de sentidos ou dor no peito. Estes epis\u00f3dios requerem interven\u00e7\u00e3o m\u00e9dica imediata.<\/p>\n<p>A consci\u00eancia da irregularidade do cora\u00e7\u00e3o em doentes com um longo hist\u00f3rico de fibrilha\u00e7\u00e3o auricular e ritmo card\u00edaco &#8220;permanente&#8221; pode diminuir durante um per\u00edodo de semanas a meses de forma espont\u00e2nea ou com a ajuda de tratamento para controlar a frequ\u00eancia card\u00edaca.<br \/>\nConsultar o seu m\u00e9dico<\/p>\n<p>Antes de consultar o seu m\u00e9dico, \u00e9 \u00fatil registar os seus sintomas num di\u00e1rio, particularmente quaisquer caracter\u00edsticas associadas, como dor no peito ou falta de ar, a sua dura\u00e7\u00e3o e o que motivou tais acontecimentos (por exemplo, exerc\u00edcio, \u00e1lcool ou cafe\u00edna).<\/p>\n<p>Se a sensa\u00e7\u00e3o de palpita\u00e7\u00f5es for cont\u00ednua, muitas vezes pode ser feito um diagn\u00f3stico com um registo de ECG em repouso na cl\u00ednica. No entanto, se os sintomas forem intermitentes e inexistentes aquando da consulta com o seu m\u00e9dico, pode n\u00e3o ser poss\u00edvel fazer um diagn\u00f3stico definitivo desta forma.<\/p>\n<p><img loading=\"lazy\" decoding=\"async\" class=\"alignnone wp-image-6338 size-full\" src=\"https:\/\/cdn-endpoint-afib.azureedge.net\/afibmatters\/2022\/03\/shutterstock_1382268998-1-min.jpg?_t=1646320183\" alt=\"\" width=\"900\" height=\"601\" srcset=\"https:\/\/cdn-endpoint-afib.azureedge.net\/afibmatters\/2022\/03\/shutterstock_1382268998-1-min.jpg 900w, https:\/\/cdn-endpoint-afib.azureedge.net\/afibmatters\/2022\/03\/shutterstock_1382268998-1-min-300x200.jpg 300w, https:\/\/cdn-endpoint-afib.azureedge.net\/afibmatters\/2022\/03\/shutterstock_1382268998-1-min-768x513.jpg 768w, https:\/\/cdn-endpoint-afib.azureedge.net\/afibmatters\/2022\/03\/shutterstock_1382268998-1-min-500x334.jpg 500w\" sizes=\"auto, (max-width: 900px) 100vw, 900px\" \/><\/p>\n<p>O registo de um tra\u00e7ado card\u00edaco \u00e9 a solu\u00e7\u00e3o para identificar a causa das palpita\u00e7\u00f5es quando s\u00e3o experienciados sintomas. Portanto, pode receber um dispositivo de registo para documentar o ECG quando estiver sintom\u00e1tico.<\/p>\n<p>Se os sintomas forem mais raros, pode ser necess\u00e1rio implantar um pequeno monitor sob a pele (conhecido como gravador de eventos implant\u00e1vel \u2013 ILR) para monitorizar a frequ\u00eancia card\u00edaca durante v\u00e1rios anos ou at\u00e9 ao reaparecimento dos sintomas.<\/p>\n","protected":false},"excerpt":{"rendered":"<p>Um dos motivos mais comuns para os indiv\u00edduos procurarem aconselhamento junto dos seus m\u00e9dicos \u00e9 a sensa\u00e7\u00e3o de consci\u00eancia dos seus pr\u00f3prios batimentos card\u00edacos ou palpita\u00e7\u00f5es. Ocasionalmente, todos n\u00f3s teremos consci\u00eancia dos nossos batimentos card\u00edacos, sobretudo ap\u00f3s o exerc\u00edcio, quando estamos nervosos ou talvez quando estamos doentes, com uma infe\u00e7\u00e3o. \u00c9 compreens\u00edvel que estes sintomas [&hellip;]<\/p>\n","protected":false},"author":1,"featured_media":0,"parent":1962,"menu_order":3,"comment_status":"closed","ping_status":"closed","template":"","meta":{"_acf_changed":false,"footnotes":""},"categories":[78],"tags":[],"class_list":["post-6633","page","type-page","status-publish","hentry","category-o-que-preciso-saber"],"acf":[],"_links":{"self":[{"href":"https:\/\/www.afibmatters.org\/pt-pt\/wp-json\/wp\/v2\/pages\/6633","targetHints":{"allow":["GET"]}}],"collection":[{"href":"https:\/\/www.afibmatters.org\/pt-pt\/wp-json\/wp\/v2\/pages"}],"about":[{"href":"https:\/\/www.afibmatters.org\/pt-pt\/wp-json\/wp\/v2\/types\/page"}],"author":[{"embeddable":true,"href":"https:\/\/www.afibmatters.org\/pt-pt\/wp-json\/wp\/v2\/users\/1"}],"replies":[{"embeddable":true,"href":"https:\/\/www.afibmatters.org\/pt-pt\/wp-json\/wp\/v2\/comments?post=6633"}],"version-history":[{"count":2,"href":"https:\/\/www.afibmatters.org\/pt-pt\/wp-json\/wp\/v2\/pages\/6633\/revisions"}],"predecessor-version":[{"id":6868,"href":"https:\/\/www.afibmatters.org\/pt-pt\/wp-json\/wp\/v2\/pages\/6633\/revisions\/6868"}],"up":[{"embeddable":true,"href":"https:\/\/www.afibmatters.org\/pt-pt\/wp-json\/wp\/v2\/pages\/1962"}],"wp:attachment":[{"href":"https:\/\/www.afibmatters.org\/pt-pt\/wp-json\/wp\/v2\/media?parent=6633"}],"wp:term":[{"taxonomy":"category","embeddable":true,"href":"https:\/\/www.afibmatters.org\/pt-pt\/wp-json\/wp\/v2\/categories?post=6633"},{"taxonomy":"post_tag","embeddable":true,"href":"https:\/\/www.afibmatters.org\/pt-pt\/wp-json\/wp\/v2\/tags?post=6633"}],"curies":[{"name":"wp","href":"https:\/\/api.w.org\/{rel}","templated":true}]}}