{"id":1963,"date":"2020-03-09T12:29:07","date_gmt":"2020-03-09T12:29:07","guid":{"rendered":"https:\/\/www.afibmatters.org\/ablacao-de-fibrilhacao-auricular\/marca-passo-e-nodulo-av-ou-ablacao-do-feixe-de-his\/"},"modified":"2022-01-27T09:51:42","modified_gmt":"2022-01-27T09:51:42","slug":"marca-passo-e-nodulo-av-ou-feixe-de-his","status":"publish","type":"page","link":"https:\/\/www.afibmatters.org\/pt-pt\/o-que-o-meu-medico-pode-fazer\/ablacao-de-fibrilhacao-auricular\/marca-passo-e-nodulo-av-ou-feixe-de-his\/","title":{"rendered":"Marca-passo e n\u00f3dulo AV ou feixe de His"},"content":{"rendered":"<p>&nbsp;<\/p>\n<p>Se o medicamento ou a combina\u00e7\u00e3o de medicamentos prescritos pelo m\u00e9dico n\u00e3o controlarem a sua frequ\u00eancia card\u00edaca ou causarem efeitos secund\u00e1rios, pode ser sugerida a realiza\u00e7\u00e3o de uma abla\u00e7\u00e3o do n\u00f3dulo AV e a implanta\u00e7\u00e3o de um marca-passo.<\/p>\n<p>A abla\u00e7\u00e3o do n\u00f3dulo AV \u00e9 uma interven\u00e7\u00e3o realizada com um cateter que bloqueia a transmiss\u00e3o de impulsos el\u00e9tricos r\u00e1pidos das aur\u00edculas (c\u00e2maras card\u00edacas superiores) para os ventr\u00edculos (c\u00e2maras card\u00edacas inferiores). O tecido do n\u00f3dulo AV, que liga eletricamente as aur\u00edculas e os ventr\u00edculos, \u00e9 destru\u00eddo com energia de radiofrequ\u00eancia originando um bloqueio AV completo.<\/p>\n<p><img loading=\"lazy\" decoding=\"async\" class=\"alignnone wp-image-6095 size-full\" src=\"https:\/\/cdn-endpoint-afib.azureedge.net\/afibmatters\/2022\/01\/shutterstock_333628025-1024x686-1-min.jpg?_t=1643277085\" alt=\"\" width=\"800\" height=\"536\" srcset=\"https:\/\/www.afibmatters.org\/wp-content\/uploads\/2022\/01\/shutterstock_333628025-1024x686-1-min.jpg 800w, https:\/\/www.afibmatters.org\/wp-content\/uploads\/2022\/01\/shutterstock_333628025-1024x686-1-min-300x201.jpg 300w, https:\/\/www.afibmatters.org\/wp-content\/uploads\/2022\/01\/shutterstock_333628025-1024x686-1-min-768x515.jpg 768w, https:\/\/www.afibmatters.org\/wp-content\/uploads\/2022\/01\/shutterstock_333628025-1024x686-1-min-500x335.jpg 500w\" sizes=\"auto, (max-width: 800px) 100vw, 800px\" \/><\/p>\n<p>Para manter o ritmo card\u00edaco, \u00e9 implantado um marca-passo antes da abla\u00e7\u00e3o. O pulso \u00e9 controlado artificialmente pelo marca-passo, apesar da fibrilha\u00e7\u00e3o auricular permanente e cont\u00ednua. O procedimento \u00e9 simples e n\u00e3o demora muito tempo, mas, como o m\u00e9dico vai explicar-lhe antes do procedimento, deve estar ciente de que se trata de uma doen\u00e7a irrevers\u00edvel. A frequ\u00eancia card\u00edaca ser\u00e1 controlada pelo marca-passo para o resto da sua vida (dependente de marca-passo). Esta \u00e9 considerada a \u00faltima op\u00e7\u00e3o para controlar a frequ\u00eancia card\u00edaca se todos os procedimentos anteriores n\u00e3o tiverem sido bem sucedidos. Por esta raz\u00e3o, \u00e9 mais prov\u00e1vel que este procedimento seja recomendado para doentes mais idosos.<\/p>\n<h3>Como \u00e9 realizado<\/h3>\n<p>A abla\u00e7\u00e3o por cateter \u00e9 um procedimento percut\u00e2neo realizado com anestesia local. O m\u00e9dico insere tubos compridos, finos e el\u00e1sticos (cateteres) nas veias da virilha e avan\u00e7a-os para o cora\u00e7\u00e3o. A ponta do cateter fornece energia de radiofrequ\u00eancia (calor) \u00e0 pequena \u00e1rea do tecido card\u00edaco que deve ser destru\u00edda. O tecido cicatricial impede a condu\u00e7\u00e3o dos impulsos.<\/p>\n<p><img loading=\"lazy\" decoding=\"async\" class=\"alignnone size-full wp-image-6122\" src=\"https:\/\/cdn-endpoint-afib.azureedge.net\/afibmatters\/2022\/01\/shutterstock_101122669-1024x681-1-min.jpg\" alt=\"\" width=\"800\" height=\"532\" srcset=\"https:\/\/www.afibmatters.org\/wp-content\/uploads\/2022\/01\/shutterstock_101122669-1024x681-1-min.jpg 800w, https:\/\/www.afibmatters.org\/wp-content\/uploads\/2022\/01\/shutterstock_101122669-1024x681-1-min-300x200.jpg 300w, https:\/\/www.afibmatters.org\/wp-content\/uploads\/2022\/01\/shutterstock_101122669-1024x681-1-min-768x511.jpg 768w, https:\/\/www.afibmatters.org\/wp-content\/uploads\/2022\/01\/shutterstock_101122669-1024x681-1-min-500x333.jpg 500w\" sizes=\"auto, (max-width: 800px) 100vw, 800px\" \/><\/p>\n<p>A implanta\u00e7\u00e3o do marca-passo deve ser realizada antes da abla\u00e7\u00e3o do n\u00f3dulo AV para manter as c\u00e2maras inferiores (ventr\u00edculos) a bater de forma adequada. Em alguns centros, os m\u00e9dicos preferem implantar o marca-passo v\u00e1rias semanas antes da abla\u00e7\u00e3o para garantir o funcionamento satisfat\u00f3rio e est\u00e1vel do dispositivo. Ap\u00f3s a abla\u00e7\u00e3o, o ritmo card\u00edaco depende completamente do marca-passo e n\u00e3o precisar\u00e1 de tomar medicamentos para controlar a frequ\u00eancia card\u00edaca.<br \/>\nA abla\u00e7\u00e3o do n\u00f3dulo AV tem uma elevada taxa de sucesso.<\/p>\n<p><a href=\"\/pt-pt\/o-que-o-meu-medico-pode-fazer\/ablacao-de-fibrilhacao-auricular\/#complications\"><strong>Saiba mais sobre: &#8220;Complica\u00e7\u00f5es&#8221;<\/strong><\/a><\/p>\n<p><a href=\"\/pt-pt\/o-que-posso-fazer\/como-devo-mudar-a-minha-vida\/\"><strong>Saiba mais sobre: &#8220;Como devo mudar a minha vida?&#8221;<\/strong><\/a><\/p>\n","protected":false},"excerpt":{"rendered":"<p>&nbsp; Se o medicamento ou a combina\u00e7\u00e3o de medicamentos prescritos pelo m\u00e9dico n\u00e3o controlarem a sua frequ\u00eancia card\u00edaca ou causarem efeitos secund\u00e1rios, pode ser sugerida a realiza\u00e7\u00e3o de uma abla\u00e7\u00e3o do n\u00f3dulo AV e a implanta\u00e7\u00e3o de um marca-passo. A abla\u00e7\u00e3o do n\u00f3dulo AV \u00e9 uma interven\u00e7\u00e3o realizada com um cateter que bloqueia a transmiss\u00e3o [&hellip;]<\/p>\n","protected":false},"author":1,"featured_media":0,"parent":1958,"menu_order":19,"comment_status":"closed","ping_status":"closed","template":"","meta":{"_acf_changed":false,"footnotes":""},"categories":[77],"tags":[],"class_list":["post-1963","page","type-page","status-publish","hentry","category-o-que-o-meu-medico-pode-fazer"],"acf":[],"_links":{"self":[{"href":"https:\/\/www.afibmatters.org\/pt-pt\/wp-json\/wp\/v2\/pages\/1963","targetHints":{"allow":["GET"]}}],"collection":[{"href":"https:\/\/www.afibmatters.org\/pt-pt\/wp-json\/wp\/v2\/pages"}],"about":[{"href":"https:\/\/www.afibmatters.org\/pt-pt\/wp-json\/wp\/v2\/types\/page"}],"author":[{"embeddable":true,"href":"https:\/\/www.afibmatters.org\/pt-pt\/wp-json\/wp\/v2\/users\/1"}],"replies":[{"embeddable":true,"href":"https:\/\/www.afibmatters.org\/pt-pt\/wp-json\/wp\/v2\/comments?post=1963"}],"version-history":[{"count":6,"href":"https:\/\/www.afibmatters.org\/pt-pt\/wp-json\/wp\/v2\/pages\/1963\/revisions"}],"predecessor-version":[{"id":6151,"href":"https:\/\/www.afibmatters.org\/pt-pt\/wp-json\/wp\/v2\/pages\/1963\/revisions\/6151"}],"up":[{"embeddable":true,"href":"https:\/\/www.afibmatters.org\/pt-pt\/wp-json\/wp\/v2\/pages\/1958"}],"wp:attachment":[{"href":"https:\/\/www.afibmatters.org\/pt-pt\/wp-json\/wp\/v2\/media?parent=1963"}],"wp:term":[{"taxonomy":"category","embeddable":true,"href":"https:\/\/www.afibmatters.org\/pt-pt\/wp-json\/wp\/v2\/categories?post=1963"},{"taxonomy":"post_tag","embeddable":true,"href":"https:\/\/www.afibmatters.org\/pt-pt\/wp-json\/wp\/v2\/tags?post=1963"}],"curies":[{"name":"wp","href":"https:\/\/api.w.org\/{rel}","templated":true}]}}