{"id":1955,"date":"2020-03-09T12:29:04","date_gmt":"2020-03-09T12:29:04","guid":{"rendered":"https:\/\/www.afibmatters.org\/a-afib-e-hereditaria\/"},"modified":"2020-03-16T11:52:14","modified_gmt":"2020-03-16T11:52:14","slug":"a-fibrilhacao-auricular-e-hereditaria","status":"publish","type":"page","link":"https:\/\/www.afibmatters.org\/pt-pt\/o-que-preciso-saber\/a-fibrilhacao-auricular-e-hereditaria\/","title":{"rendered":"A fibrilha\u00e7\u00e3o auricular \u00e9 heredit\u00e1ria?"},"content":{"rendered":"<p>A fibrilha\u00e7\u00e3o auricular \u00e9 o dist\u00farbio do ritmo card\u00edaco mais comum, pelo que n\u00e3o \u00e9 raro alguns familiares terem a mesma arritmia. \u00c0 medida que envelhecemos, \u00e9 mais prov\u00e1vel que a fibrilha\u00e7\u00e3o auricular esteja relacionada com comorbidades do que com uma doen\u00e7a gen\u00e9tica. Todas as pessoas apresentam um <strong><a href=\"\/pt-pt\/o-que-preciso-saber\/em-que-medida-a-fibrilhacao-auricular-e-comum\/\">maior risco de desenvolver fibrilha\u00e7\u00e3o auricular com o aumento da idade<\/a>.<\/strong><\/p>\n<p>No entanto, observou-se que em algumas fam\u00edlias o risco de fibrilha\u00e7\u00e3o auricular \u00e9 maior, mesmo em jovens ou na aus\u00eancia de quaisquer outros problemas m\u00e9dicos. Isto \u00e9 chamado fibrilha\u00e7\u00e3o auricular familiar. Em alguns casos raros, est\u00e1 demonstrado que as altera\u00e7\u00f5es em alguns genes podem ser respons\u00e1veis \u200bpela fibrilha\u00e7\u00e3o auricular, mas na maioria dos casos, a causa ainda n\u00e3o \u00e9 clara. \u00c9 necess\u00e1ria mais investiga\u00e7\u00e3o para esclarecer os fatores gen\u00e9ticos associados \u00e0 fibrilha\u00e7\u00e3o auricular familiar.<\/p>\n<p>Discuta com o m\u00e9dico se tiver familiares com fibrilha\u00e7\u00e3o auricular e estiver preocupado que possa desenvolver esta doen\u00e7a. O m\u00e9dico pode identificar fatores de risco para a fibrilha\u00e7\u00e3o auricular e pode ajud\u00e1-lo a tratar os mesmos.<\/p>\n<p>&nbsp;<\/p>\n<p>&nbsp;<\/p>\n","protected":false},"excerpt":{"rendered":"<p>A fibrilha\u00e7\u00e3o auricular \u00e9 o dist\u00farbio do ritmo card\u00edaco mais comum, pelo que n\u00e3o \u00e9 raro alguns familiares terem a mesma arritmia. \u00c0 medida que envelhecemos, \u00e9 mais prov\u00e1vel que a fibrilha\u00e7\u00e3o auricular esteja relacionada com comorbidades do que com uma doen\u00e7a gen\u00e9tica. Todas as pessoas apresentam um maior risco de desenvolver fibrilha\u00e7\u00e3o auricular com [&hellip;]<\/p>\n","protected":false},"author":1,"featured_media":0,"parent":1968,"menu_order":12,"comment_status":"closed","ping_status":"closed","template":"","meta":{"_acf_changed":false,"footnotes":""},"categories":[78],"tags":[],"class_list":["post-1955","page","type-page","status-publish","hentry","category-o-que-preciso-saber"],"acf":[],"_links":{"self":[{"href":"https:\/\/www.afibmatters.org\/pt-pt\/wp-json\/wp\/v2\/pages\/1955","targetHints":{"allow":["GET"]}}],"collection":[{"href":"https:\/\/www.afibmatters.org\/pt-pt\/wp-json\/wp\/v2\/pages"}],"about":[{"href":"https:\/\/www.afibmatters.org\/pt-pt\/wp-json\/wp\/v2\/types\/page"}],"author":[{"embeddable":true,"href":"https:\/\/www.afibmatters.org\/pt-pt\/wp-json\/wp\/v2\/users\/1"}],"replies":[{"embeddable":true,"href":"https:\/\/www.afibmatters.org\/pt-pt\/wp-json\/wp\/v2\/comments?post=1955"}],"version-history":[{"count":4,"href":"https:\/\/www.afibmatters.org\/pt-pt\/wp-json\/wp\/v2\/pages\/1955\/revisions"}],"predecessor-version":[{"id":2100,"href":"https:\/\/www.afibmatters.org\/pt-pt\/wp-json\/wp\/v2\/pages\/1955\/revisions\/2100"}],"up":[{"embeddable":true,"href":"https:\/\/www.afibmatters.org\/pt-pt\/wp-json\/wp\/v2\/pages\/1968"}],"wp:attachment":[{"href":"https:\/\/www.afibmatters.org\/pt-pt\/wp-json\/wp\/v2\/media?parent=1955"}],"wp:term":[{"taxonomy":"category","embeddable":true,"href":"https:\/\/www.afibmatters.org\/pt-pt\/wp-json\/wp\/v2\/categories?post=1955"},{"taxonomy":"post_tag","embeddable":true,"href":"https:\/\/www.afibmatters.org\/pt-pt\/wp-json\/wp\/v2\/tags?post=1955"}],"curies":[{"name":"wp","href":"https:\/\/api.w.org\/{rel}","templated":true}]}}