{"id":1442,"date":"2020-03-03T11:56:46","date_gmt":"2020-03-03T11:56:46","guid":{"rendered":"https:\/\/www.afibmatters.org\/co-musze-wiedziec\/kto-jest-bardziej-narazony-na-migotanie-przedsionkow\/"},"modified":"2022-03-24T10:47:49","modified_gmt":"2022-03-24T10:47:49","slug":"kto-jest-bardziej-narazony-na-migotanie-przedsionkow","status":"publish","type":"page","link":"https:\/\/www.afibmatters.org\/pl\/co-musze-wiedziec\/kto-jest-bardziej-narazony-na-migotanie-przedsionkow\/","title":{"rendered":"Jakie osoby s\u0105 bardziej nara\u017cone na migotanie przedsionk\u00f3w?"},"content":{"rendered":"<p><img loading=\"lazy\" decoding=\"async\" class=\"size-large wp-image-1043\" src=\"https:\/\/cdn-endpoint-afib.azureedge.net\/afibmatters\/2020\/01\/iStock-499570490-1024x683.jpg\" alt=\"\" width=\"1024\" height=\"683\" srcset=\"https:\/\/cdn-endpoint-afib.azureedge.net\/afibmatters\/2020\/01\/iStock-499570490-1024x683.jpg 1024w, https:\/\/cdn-endpoint-afib.azureedge.net\/afibmatters\/2020\/01\/iStock-499570490-300x200.jpg 300w, https:\/\/cdn-endpoint-afib.azureedge.net\/afibmatters\/2020\/01\/iStock-499570490-768x512.jpg 768w, https:\/\/cdn-endpoint-afib.azureedge.net\/afibmatters\/2020\/01\/iStock-499570490-1536x1024.jpg 1536w, https:\/\/cdn-endpoint-afib.azureedge.net\/afibmatters\/2020\/01\/iStock-499570490-2048x1365.jpg 2048w, https:\/\/cdn-endpoint-afib.azureedge.net\/afibmatters\/2020\/01\/iStock-499570490-500x333.jpg 500w\" sizes=\"auto, (max-width: 1024px) 100vw, 1024px\" \/><\/p>\n<p>Dok\u0142adne przyczyny migotania przedsionk\u00f3w nie s\u0105 dobrze poznane. Istnieje jednak wiele czynnik\u00f3w zwi\u0119kszaj\u0105cych <strong>ryzyko wyst\u0105pienia migotania przedsionk\u00f3w<\/strong>. Ich przyk\u0142ady opisano w poni\u017cszej tabeli. Opr\u00f3cz chor\u00f3b serca czynniki te obejmuj\u0105 <strong>schorzenia<\/strong> takie jak cukrzyca i choroby nerek. Leczenie tych chor\u00f3b wsp\u00f3\u0142istniej\u0105cych jest bardzo wa\u017cne dla optymalizacji wynik\u00f3w leczenia migotania przedsionk\u00f3w.<\/p>\n<p>Stosowany w przesz\u0142o\u015bci termin \u201esamoistne migotanie przedsionk\u00f3w\u201d odnosi\u0142 si\u0119 do przypadk\u00f3w, w kt\u00f3rych u pacjenta nie wyst\u0119powa\u0142 \u017caden oczywisty czynnik ryzyka ani schorzenie, kt\u00f3re zwi\u0119ksza\u0142oby podatno\u015b\u0107 na wyst\u0105pienie migotania przedsionk\u00f3w. Coraz wi\u0119cej dowod\u00f3w wskazuje jednak na to, \u017ce przyczyna wyst\u0119puje u wszystkich pacjent\u00f3w \u2013 dlatego termin \u201esamoistne migotanie przedsionk\u00f3w\u201d jest myl\u0105cy i nie powinien by\u0107 d\u0142u\u017cej stosowany.<\/p>\n<table style=\"width: 64.7997%; height: 288px;\">\n<tbody>\n<tr style=\"height: 24px;\">\n<th style=\"height: 24px;\"><strong>Styl \u017cycia<\/strong><\/th>\n<th style=\"height: 24px;\"><strong>Choroby wsp\u00f3\u0142istniej\u0105ce \/ Inne schorzenia<\/strong><\/th>\n<\/tr>\n<tr style=\"height: 24px;\">\n<td style=\"height: 24px;\"><a href=\"https:\/\/www.afibmatters.org\/pl\/co-moge-zrobic\/jak-moge-zmienic-swoje-zycie\/alkohol\/\">Nadu\u017cywanie alkoholu<\/a><\/td>\n<td style=\"height: 24px;\">Nadci\u015bnienie t\u0119tnicze \/ Cukrzyca<\/td>\n<\/tr>\n<tr style=\"height: 48px;\">\n<td style=\"height: 48px;\"><a href=\"https:\/\/www.afibmatters.org\/pl\/co-moge-zrobic\/jak-moge-zmienic-swoje-zycie\/otylosc\/\">Oty\u0142o\u015b\u0107<\/a><\/td>\n<td style=\"height: 48px;\">Zawa\u0142 serca \/ Choroba wie\u0144cowa<\/td>\n<\/tr>\n<tr style=\"height: 48px;\">\n<td style=\"height: 48px;\"><a href=\"https:\/\/www.afibmatters.org\/pl\/co-moge-zrobic\/jak-moge-zmienic-swoje-zycie\/otylosc\/\">Brak aktywno\u015bci fizycznej lub zbyt intensywne uprawianie sport\u00f3w wytrzyma\u0142o\u015bciowych<\/a><\/td>\n<td style=\"height: 48px;\">Niewydolno\u015b\u0107 serca lub wady zastawek serca<\/td>\n<\/tr>\n<tr style=\"height: 48px;\">\n<td style=\"height: 48px;\"><a href=\"https:\/\/www.afibmatters.org\/pl\/co-moge-zrobic\/jak-moge-zmienic-swoje-zycie\/palenie-tytoniu\/\">Palenie tytoniu<\/a><\/td>\n<td style=\"height: 48px;\">Zaburzenia snu \/ Obturacyjny bezdech senny<\/td>\n<\/tr>\n<tr style=\"height: 24px;\">\n<td style=\"height: 24px;\"><a href=\"https:\/\/www.afibmatters.org\/pl\/co-moge-zrobic\/jak-moge-zmienic-swoje-zycie\/stres\/\">Stres<\/a><\/td>\n<td style=\"height: 24px;\">Przebyte operacje kardiochirurgiczne<\/td>\n<\/tr>\n<tr style=\"height: 24px;\">\n<td style=\"height: 24px;\">Nadu\u017cywanie stymulant\u00f3w (w tym kofeiny)<\/td>\n<td style=\"height: 24px;\">Nadczynno\u015b\u0107 tarczycy<\/td>\n<\/tr>\n<tr style=\"height: 24px;\">\n<td style=\"height: 24px;\"><\/td>\n<td style=\"height: 24px;\">Infekcja p\u0142uc<\/td>\n<\/tr>\n<tr style=\"height: 24px;\">\n<td style=\"height: 24px;\"><\/td>\n<td style=\"height: 24px;\">Wrodzona choroba serca<\/td>\n<\/tr>\n<\/tbody>\n<\/table>\n<p>&nbsp;<\/p>\n","protected":false},"excerpt":{"rendered":"<p>Dok\u0142adne przyczyny migotania przedsionk\u00f3w nie s\u0105 dobrze poznane. Istnieje jednak wiele czynnik\u00f3w zwi\u0119kszaj\u0105cych ryzyko wyst\u0105pienia migotania przedsionk\u00f3w. Ich przyk\u0142ady opisano w poni\u017cszej tabeli. Opr\u00f3cz chor\u00f3b serca czynniki te obejmuj\u0105 schorzenia takie jak cukrzyca i choroby nerek. Leczenie tych chor\u00f3b wsp\u00f3\u0142istniej\u0105cych jest bardzo wa\u017cne dla optymalizacji wynik\u00f3w leczenia migotania przedsionk\u00f3w. Stosowany w przesz\u0142o\u015bci termin \u201esamoistne migotanie [&hellip;]<\/p>\n","protected":false},"author":1,"featured_media":0,"parent":1420,"menu_order":8,"comment_status":"closed","ping_status":"closed","template":"","meta":{"_acf_changed":false,"footnotes":""},"categories":[52],"tags":[],"class_list":["post-1442","page","type-page","status-publish","hentry","category-co-musze-wiedziec"],"acf":[],"_links":{"self":[{"href":"https:\/\/www.afibmatters.org\/pl\/wp-json\/wp\/v2\/pages\/1442","targetHints":{"allow":["GET"]}}],"collection":[{"href":"https:\/\/www.afibmatters.org\/pl\/wp-json\/wp\/v2\/pages"}],"about":[{"href":"https:\/\/www.afibmatters.org\/pl\/wp-json\/wp\/v2\/types\/page"}],"author":[{"embeddable":true,"href":"https:\/\/www.afibmatters.org\/pl\/wp-json\/wp\/v2\/users\/1"}],"replies":[{"embeddable":true,"href":"https:\/\/www.afibmatters.org\/pl\/wp-json\/wp\/v2\/comments?post=1442"}],"version-history":[{"count":6,"href":"https:\/\/www.afibmatters.org\/pl\/wp-json\/wp\/v2\/pages\/1442\/revisions"}],"predecessor-version":[{"id":6574,"href":"https:\/\/www.afibmatters.org\/pl\/wp-json\/wp\/v2\/pages\/1442\/revisions\/6574"}],"up":[{"embeddable":true,"href":"https:\/\/www.afibmatters.org\/pl\/wp-json\/wp\/v2\/pages\/1420"}],"wp:attachment":[{"href":"https:\/\/www.afibmatters.org\/pl\/wp-json\/wp\/v2\/media?parent=1442"}],"wp:term":[{"taxonomy":"category","embeddable":true,"href":"https:\/\/www.afibmatters.org\/pl\/wp-json\/wp\/v2\/categories?post=1442"},{"taxonomy":"post_tag","embeddable":true,"href":"https:\/\/www.afibmatters.org\/pl\/wp-json\/wp\/v2\/tags?post=1442"}],"curies":[{"name":"wp","href":"https:\/\/api.w.org\/{rel}","templated":true}]}}