{"id":8829,"date":"2024-02-06T10:47:39","date_gmt":"2024-02-06T10:47:39","guid":{"rendered":"https:\/\/www.afibmatters.org\/sto-mogu-uciniti\/kako-bih-trebao-promijeniti-svoj-zivot\/pretilost\/"},"modified":"2024-02-08T16:55:23","modified_gmt":"2024-02-08T16:55:23","slug":"pretilost","status":"publish","type":"page","link":"https:\/\/www.afibmatters.org\/hr\/sto-mogu-uciniti\/kako-bih-trebao-promijeniti-svoj-zivot\/pretilost\/","title":{"rendered":"Pretilost"},"content":{"rendered":"<p><img loading=\"lazy\" decoding=\"async\" class=\"alignnone wp-image-6457 size-full\" src=\"https:\/\/cdn-endpoint-afib.azureedge.net\/afibmatters\/2022\/03\/shutterstock_1018836169-1-min.jpg?_t=1646320548\" alt=\"\" width=\"900\" height=\"600\" srcset=\"https:\/\/cdn-endpoint-afib.azureedge.net\/afibmatters\/2022\/03\/shutterstock_1018836169-1-min.jpg 900w, https:\/\/cdn-endpoint-afib.azureedge.net\/afibmatters\/2022\/03\/shutterstock_1018836169-1-min-300x200.jpg 300w, https:\/\/cdn-endpoint-afib.azureedge.net\/afibmatters\/2022\/03\/shutterstock_1018836169-1-min-768x512.jpg 768w, https:\/\/cdn-endpoint-afib.azureedge.net\/afibmatters\/2022\/03\/shutterstock_1018836169-1-min-500x333.jpg 500w\" sizes=\"auto, (max-width: 900px) 100vw, 900px\" \/><\/p>\n<p>Postoji jasna veza izme\u0111u pretilosti i pojave fibrilacije atrija. Rizik se pove\u0107ava kako se pove\u0107ava i indeks tjelesne mase (BMI = te\u017eina u kilogramima podijeljena s kvadratom visine u metrima).<\/p>\n<p>Osim toga, pretilost mo\u017ee pove\u0107ati rizik od komplikacija uzrokovanih fibrilacijom atrija kao \u0161to su tromboembolijski doga\u0111aji i mo\u017edani udar. Pretilost tako\u0111er negativno utje\u010de na lije\u010denje fibrilacije atrija ablacijom. Rizik od ponovne pojave fibrilacije atrija ve\u0107i je nakon uspje\u0161nog zahvata.<\/p>\n<p>Prekomjerna tjelesna te\u017eina tako\u0111er pove\u0107ava mogu\u0107nost pojave \u010dimbenika rizika koji su pojedina\u010dno povezani s mogu\u0107no\u0161\u0107u pojave fibrilacije atrija:<\/p>\n<ul>\n<li><strong>Povi\u0161eni krvni tlak (hipertenzija)<\/strong><\/li>\n<\/ul>\n<p>Bolesnici s hipertenzijom imaju 1,7 puta ve\u0107i rizik od pojave fibrilacije atrija. Osim toga, hipertenzija je neovisni \u010dimbenik rizika za razvoj tromboembolije kao posljedice aritmije. Lije\u010denje hipertenzije nije va\u017eno samo za sprje\u010davanje fibrilacije atrija, ve\u0107 i za smanjenje rizika od tromboembolije. Gubitak te\u017eine sastavni je dio lije\u010denja visokog krvnog tlaka.<\/p>\n<ul>\n<li><strong>Vaskularne bolesti i infarkt miokarda<\/strong><\/li>\n<\/ul>\n<p>Rizik od razvoja fibrilacije atrija pove\u0107ava se od 60 do 77% u bolesnika koji su imali sr\u010dani udar.<\/p>\n<ul>\n<li><strong>\u0160e\u0107erna bolest (dijabetes)<\/strong><\/li>\n<\/ul>\n<p>Slu\u010dajevi fibrilacije atrija dvostruko su \u010de\u0161\u0107i u bolesnika s dijabetesom. Kao i hipertenzija, dijabetes tako\u0111er pove\u0107ava rizik od razvoja tromboembolije.<\/p>\n<ul>\n<li><strong>Apneja u spavanju<\/strong><\/li>\n<\/ul>\n<p>Bolesnici s prekomjernom tjelesnom te\u017einom imaju pove\u0107an rizik od razvoja opstruktivne apneje u spavanju(OSA). Zbog zatvaranja grla vi\u0161kom masnog tkiva dolazi do prekida disanja tijekom spavanja. To, posljedi\u010dno, negativno utje\u010de na kvalitetu sna. Tako\u0111er je povezano s pove\u0107anim rizikom od smrtnosti, kardiovaskularnim doga\u0111ajima i pove\u0107anim rizikom od pojave fibrilacije atrija. \u0160anse za uspjeh lije\u010denja fibrilacije atrija (lijekovima ili ablacijom) manje su u bolesnika s opstruktivnom apnejom u spavanju, stoga se lije\u010denje apneje predstavlja kombinaciju upotrebe ure\u0111aja za kontinuiranu primjenu pozitivnog tlaka (CPAP) i mr\u0161avljenja.<\/p>\n<p>S obzirom na jasnu povezanost izme\u0111u pretilosti i rizika od pojave fibrilacije atrija, gubitak te\u017eine va\u017ean je segment u lije\u010denju ovog tipa aritmije. Gubitak te\u017eine mo\u017ee pridonijeti smanjenju ili prestanku uzimanja lijekova za lije\u010denja fibrilacije atrija. Kod bolesnika koji se podvrgavaju ablaciji, smanjuje rizik od postupka i pove\u0107ava stopu uspje\u0161nosti.<\/p>\n","protected":false},"excerpt":{"rendered":"<p>Postoji jasna veza izme\u0111u pretilosti i pojave fibrilacije atrija. Rizik se pove\u0107ava kako se pove\u0107ava i indeks tjelesne mase (BMI = te\u017eina u kilogramima podijeljena s kvadratom visine u metrima). Osim toga, pretilost mo\u017ee pove\u0107ati rizik od komplikacija uzrokovanih fibrilacijom atrija kao \u0161to su tromboembolijski doga\u0111aji i mo\u017edani udar. Pretilost tako\u0111er negativno utje\u010de na lije\u010denje [&hellip;]<\/p>\n","protected":false},"author":23,"featured_media":0,"parent":8803,"menu_order":11,"comment_status":"closed","ping_status":"closed","template":"","meta":{"_acf_changed":false,"footnotes":""},"categories":[288],"tags":[],"class_list":["post-8829","page","type-page","status-publish","hentry","category-sto-mogu-uciniti-hr"],"acf":[],"_links":{"self":[{"href":"https:\/\/www.afibmatters.org\/hr\/wp-json\/wp\/v2\/pages\/8829","targetHints":{"allow":["GET"]}}],"collection":[{"href":"https:\/\/www.afibmatters.org\/hr\/wp-json\/wp\/v2\/pages"}],"about":[{"href":"https:\/\/www.afibmatters.org\/hr\/wp-json\/wp\/v2\/types\/page"}],"author":[{"embeddable":true,"href":"https:\/\/www.afibmatters.org\/hr\/wp-json\/wp\/v2\/users\/23"}],"replies":[{"embeddable":true,"href":"https:\/\/www.afibmatters.org\/hr\/wp-json\/wp\/v2\/comments?post=8829"}],"version-history":[{"count":1,"href":"https:\/\/www.afibmatters.org\/hr\/wp-json\/wp\/v2\/pages\/8829\/revisions"}],"predecessor-version":[{"id":8830,"href":"https:\/\/www.afibmatters.org\/hr\/wp-json\/wp\/v2\/pages\/8829\/revisions\/8830"}],"up":[{"embeddable":true,"href":"https:\/\/www.afibmatters.org\/hr\/wp-json\/wp\/v2\/pages\/8803"}],"wp:attachment":[{"href":"https:\/\/www.afibmatters.org\/hr\/wp-json\/wp\/v2\/media?parent=8829"}],"wp:term":[{"taxonomy":"category","embeddable":true,"href":"https:\/\/www.afibmatters.org\/hr\/wp-json\/wp\/v2\/categories?post=8829"},{"taxonomy":"post_tag","embeddable":true,"href":"https:\/\/www.afibmatters.org\/hr\/wp-json\/wp\/v2\/tags?post=8829"}],"curies":[{"name":"wp","href":"https:\/\/api.w.org\/{rel}","templated":true}]}}