{"id":8809,"date":"2024-02-06T10:33:19","date_gmt":"2024-02-06T10:33:19","guid":{"rendered":"https:\/\/www.afibmatters.org\/sto-trebam-znati\/kakav-je-osjecaj-imati-fibrilaciju-atrija\/nedostatak-zraka\/"},"modified":"2024-02-08T16:51:28","modified_gmt":"2024-02-08T16:51:28","slug":"nedostatak-zraka","status":"publish","type":"page","link":"https:\/\/www.afibmatters.org\/hr\/sto-trebam-znati\/kakav-je-osjecaj-imati-fibrilaciju-atrija\/nedostatak-zraka\/","title":{"rendered":"Nedostatak zraka"},"content":{"rendered":"<p><img loading=\"lazy\" decoding=\"async\" class=\"alignnone wp-image-6297 size-full\" src=\"https:\/\/cdn-endpoint-afib.azureedge.net\/afibmatters\/2022\/03\/shutterstock_2063929043-1-min.jpg?_t=1646320123\" alt=\"\" width=\"900\" height=\"600\" srcset=\"https:\/\/cdn-endpoint-afib.azureedge.net\/afibmatters\/2022\/03\/shutterstock_2063929043-1-min.jpg 900w, https:\/\/cdn-endpoint-afib.azureedge.net\/afibmatters\/2022\/03\/shutterstock_2063929043-1-min-300x200.jpg 300w, https:\/\/cdn-endpoint-afib.azureedge.net\/afibmatters\/2022\/03\/shutterstock_2063929043-1-min-768x512.jpg 768w, https:\/\/cdn-endpoint-afib.azureedge.net\/afibmatters\/2022\/03\/shutterstock_2063929043-1-min-500x333.jpg 500w\" sizes=\"auto, (max-width: 900px) 100vw, 900px\" \/><\/p>\n<p>Nedostatak zraka vrlo je \u010dest simptom kod osoba koje pate od neke sr\u010dane bolesti. Osje\u0107aj se razlikuje ovisno o osobi i njezinim okolnostima, a uklju\u010duje zaduhu, pote\u0161ko\u0107e u disanju, te\u0161ko disanje, a u te\u017eim slu\u010dajevima borbu za dah, nemogu\u0107nost udisanja zraka ili osje\u0107aj utapanja. Da bi opisao osje\u0107aj nedostatka zraka va\u0161 lije\u010dnik mo\u017ee koristiti medicinski pojam dispneja.<\/p>\n<p>Osje\u0107aj stezanja u prsima, nelagode ili osje\u0107aj kao da su prsa stegnuta pojasom mo\u017ee biti karakteristika nedostatka zraka, no nije izrazito specifi\u010dno i ukazuje na mogu\u0107u anginu (vrstu boli u prsima koja je uzrokovana smanjenim dotokom krvi u sr\u010dani mi\u0161i\u0107). Va\u017eno je da znate opisati okolnosti u kojima osje\u0107ate nedostatak zraka.<\/p>\n<p>Bolesnici \u010desto osje\u0107aju nedostatak zraka pri fizi\u010dkim naporima. Aktivnosti koje biste ina\u010de obavljali bez pote\u0161ko\u0107a izazivaju osje\u0107aj nedostatka zraka koji biste osjetili nakon ja\u010deg tjelesnog napora. To mo\u017ee uklju\u010divati aktivnosti poput penjanja po stepenicama ili uzbrdo, vrtlarenja ili \u010dak odijevanja.<\/p>\n<p>Po\u010detak bolesti mo\u017ee biti vrlo postupan pa ste mo\u017eda nekad smatrali ove pote\u0161ko\u0107e s disanjem normalnom pojavom kako starite, gubite kondiciju ili se debljate. Me\u0111utim, promjene u disanju koje primje\u0107uje va\u0161a obitelj ili vi sami kada se uspore\u0111ujete sa svojim vr\u0161njacima mo\u017ee biti bitna-<\/p>\n<h3><\/h3>\n<h3>Nedostatak zraka tijekom mirovanja i no\u0107u<\/h3>\n<p>Va\u017eno je mo\u0107i prepoznati te\u0161ki nedostatak zraka, koji se javlja \u010dak i u mirovanju i mo\u017ee biti povezan sa stezanjem u prsima ili piskanjem (simptom koji se \u010de\u0161\u0107e povezuje s astmom ili bolesti plu\u0107a).<\/p>\n<p>Osje\u0107aj nedostatka zraka koji se javlja tijekom le\u017eanja, zbog \u010dega morate koristiti vi\u0161e jastuka ili no\u0107u spavati na stolici no\u0107u (poznato i kao ortopneja) pokazatelj je da je funkcija srca zna\u010dajno ugro\u017eena. U tom slu\u010daju trebate potra\u017eiti hitnu medicinsku pomo\u0107.<\/p>\n<p>Bu\u0111enje no\u0107u s te\u0161kim napadajem nedostatka zraka koji se pobolj\u0161ava kada ustanete ili sjednete na rub kreveta (poznato i kao paroksizmalna no\u0107na dispneja) usko su povezani simptomi i ukazuju na kongestiju i nakupljanje teku\u0107ine u plu\u0107ima (tako\u0111er poznato kao teku\u0107ina u plu\u0107ima).<\/p>\n<p>Kongestiju mo\u017ee potvrditi va\u0161 lije\u010dnik slu\u0161anjem plu\u0107a ili pregledom rendgenske snimke. Ovi simptomi nisu isklju\u010divo povezani s fibrilacijom atrija i mogu biti simptom bilo koje bolesti kod koje je ugro\u017eena sr\u010dana funkcija.<\/p>\n<p>Naglo poja\u010danje nedostatka zraka tako\u0111er se mo\u017ee uo\u010diti kada srce prvi put prije\u0111e iz normalnog ritma u fibrilaciju atrija. To se mo\u017ee dogoditi u razdoblju od nekoliko minuta do nekoliko sati i mo\u017ee biti povezano s palpitacijama ili osje\u0107ajem ubrzanog rada srca.<\/p>\n<p>Nedostatak zraka koji se javlja u mirovanju mo\u017ee biti uznemiruju\u0107i i obi\u010dno \u0107e vas potaknuti da potra\u017eite hitnu pomo\u0107 svog lije\u010dnika. Kod povremene fibrilacije atrija koja traje nekoliko minuta ili sati prije nego \u0161to se spontano vrati u normalni ritam, simptom nedostatka zraka mo\u017ee slijediti sli\u010dan obrazac te disanje izme\u0111u ovih epizoda mo\u017ee biti normalno.<\/p>\n<p>Kada svom lije\u010dniku prijavljujete ovaj simptom, trebali biste zabilje\u017eiti koji su \u010dimbenici izazvati nedostatak daha, kao i sve druge povezane simptome kao \u0161to su piskanje, palpitacije, svijest o ubrzanom radu srca ili bol u prsnom ko\u0161u.<\/p>\n<p>Va\u017eno je imati na umu da je nedostatak zraka simptom mnogih bolesti i da \u0107e va\u0161 lije\u010dnik morati isklju\u010diti druge uzroke kao \u0161to je bolest zalistaka, bolest sr\u010danog mi\u0161i\u0107a, angina ili druga medicinska stanja, \u010dak i ako je utvr\u0111eno da imate fibrilaciju atrija.<\/p>\n<p>Zato \u0107e mo\u017eda \u0107e biti potrebne brojne\u00a0<a href=\"https:\/\/www.afibmatters.org\/what-can-my-doctor-do\/useful-tests\/\">dodatne pretrage<\/a>, uklju\u010duju\u0107i krvne pretrage, ultrazvuk, test optere\u0107enja i testove za odre\u0111ivanje plu\u0107ne funkcije.<\/p>\n","protected":false},"excerpt":{"rendered":"<p>Nedostatak zraka vrlo je \u010dest simptom kod osoba koje pate od neke sr\u010dane bolesti. Osje\u0107aj se razlikuje ovisno o osobi i njezinim okolnostima, a uklju\u010duje zaduhu, pote\u0161ko\u0107e u disanju, te\u0161ko disanje, a u te\u017eim slu\u010dajevima borbu za dah, nemogu\u0107nost udisanja zraka ili osje\u0107aj utapanja. Da bi opisao osje\u0107aj nedostatka zraka va\u0161 lije\u010dnik mo\u017ee koristiti medicinski [&hellip;]<\/p>\n","protected":false},"author":24,"featured_media":0,"parent":8781,"menu_order":1,"comment_status":"closed","ping_status":"closed","template":"","meta":{"_acf_changed":false,"footnotes":""},"categories":[286],"tags":[],"class_list":["post-8809","page","type-page","status-publish","hentry","category-sto-trebam-znati-hr"],"acf":[],"_links":{"self":[{"href":"https:\/\/www.afibmatters.org\/hr\/wp-json\/wp\/v2\/pages\/8809","targetHints":{"allow":["GET"]}}],"collection":[{"href":"https:\/\/www.afibmatters.org\/hr\/wp-json\/wp\/v2\/pages"}],"about":[{"href":"https:\/\/www.afibmatters.org\/hr\/wp-json\/wp\/v2\/types\/page"}],"author":[{"embeddable":true,"href":"https:\/\/www.afibmatters.org\/hr\/wp-json\/wp\/v2\/users\/24"}],"replies":[{"embeddable":true,"href":"https:\/\/www.afibmatters.org\/hr\/wp-json\/wp\/v2\/comments?post=8809"}],"version-history":[{"count":1,"href":"https:\/\/www.afibmatters.org\/hr\/wp-json\/wp\/v2\/pages\/8809\/revisions"}],"predecessor-version":[{"id":8810,"href":"https:\/\/www.afibmatters.org\/hr\/wp-json\/wp\/v2\/pages\/8809\/revisions\/8810"}],"up":[{"embeddable":true,"href":"https:\/\/www.afibmatters.org\/hr\/wp-json\/wp\/v2\/pages\/8781"}],"wp:attachment":[{"href":"https:\/\/www.afibmatters.org\/hr\/wp-json\/wp\/v2\/media?parent=8809"}],"wp:term":[{"taxonomy":"category","embeddable":true,"href":"https:\/\/www.afibmatters.org\/hr\/wp-json\/wp\/v2\/categories?post=8809"},{"taxonomy":"post_tag","embeddable":true,"href":"https:\/\/www.afibmatters.org\/hr\/wp-json\/wp\/v2\/tags?post=8809"}],"curies":[{"name":"wp","href":"https:\/\/api.w.org\/{rel}","templated":true}]}}