{"id":1563,"date":"2020-03-03T12:00:58","date_gmt":"2020-03-03T12:00:58","guid":{"rendered":"https:\/\/www.afibmatters.org\/que-puis-je-faire\/comment-changer-ma-vie\/serai-je-en-mesure-de-souscrire-une-assurance-voyage-si-je-souffre-de-fibrillation-auriculaire\/"},"modified":"2022-01-26T16:20:05","modified_gmt":"2022-01-26T16:20:05","slug":"serai-je-en-mesure-de-souscrire-une-assurance-voyage-si-je-souffre-de-fibrillation-atriale","status":"publish","type":"page","link":"https:\/\/www.afibmatters.org\/fr\/que-puis-je-faire\/comment-changer-ma-vie\/serai-je-en-mesure-de-souscrire-une-assurance-voyage-si-je-souffre-de-fibrillation-atriale\/","title":{"rendered":"Serai-je en mesure de souscrire une assurance voyage si je souffre de fibrillation atriale&nbsp;?"},"content":{"rendered":"<p><img loading=\"lazy\" decoding=\"async\" class=\"alignnone wp-image-5923 size-full\" src=\"https:\/\/cdn-endpoint-afib.azureedge.net\/afibmatters\/2022\/01\/shutterstock_605436266-1536x1024-1-min.jpg?_t=1643213996\" alt=\"\" width=\"800\" height=\"533\" srcset=\"https:\/\/cdn-endpoint-afib.azureedge.net\/afibmatters\/2022\/01\/shutterstock_605436266-1536x1024-1-min.jpg 800w, https:\/\/cdn-endpoint-afib.azureedge.net\/afibmatters\/2022\/01\/shutterstock_605436266-1536x1024-1-min-300x200.jpg 300w, https:\/\/cdn-endpoint-afib.azureedge.net\/afibmatters\/2022\/01\/shutterstock_605436266-1536x1024-1-min-768x512.jpg 768w, https:\/\/cdn-endpoint-afib.azureedge.net\/afibmatters\/2022\/01\/shutterstock_605436266-1536x1024-1-min-500x333.jpg 500w\" sizes=\"auto, (max-width: 800px) 100vw, 800px\" \/><\/p>\n<p>Oui, la majorit\u00e9 des patients atteints de fibrillation atriale peuvent souscrire une assurance voyage. Toutefois, elle peut parfois n\u00e9cessiter une prime plus \u00e9lev\u00e9e (co\u00fbt plus \u00e9lev\u00e9). Demandez conseil aux prestataires d\u2019assurance maladie. Parfois, il peut \u00eatre utile de contacter plusieurs compagnies d\u2019assurance maladie pour trouver la meilleure offre.<\/p>\n<p>&nbsp;<\/p>\n<p>&nbsp;<\/p>\n","protected":false},"excerpt":{"rendered":"<p>Oui, la majorit\u00e9 des patients atteints de fibrillation atriale peuvent souscrire une assurance voyage. Toutefois, elle peut parfois n\u00e9cessiter une prime plus \u00e9lev\u00e9e (co\u00fbt plus \u00e9lev\u00e9). Demandez conseil aux prestataires d\u2019assurance maladie. Parfois, il peut \u00eatre utile de contacter plusieurs compagnies d\u2019assurance maladie pour trouver la meilleure offre. &nbsp; &nbsp;<\/p>\n","protected":false},"author":1,"featured_media":0,"parent":1545,"menu_order":25,"comment_status":"closed","ping_status":"closed","template":"","meta":{"_acf_changed":false,"footnotes":""},"categories":[67],"tags":[],"class_list":["post-1563","page","type-page","status-publish","hentry","category-que-puis-je-faire"],"acf":[],"_links":{"self":[{"href":"https:\/\/www.afibmatters.org\/fr\/wp-json\/wp\/v2\/pages\/1563","targetHints":{"allow":["GET"]}}],"collection":[{"href":"https:\/\/www.afibmatters.org\/fr\/wp-json\/wp\/v2\/pages"}],"about":[{"href":"https:\/\/www.afibmatters.org\/fr\/wp-json\/wp\/v2\/types\/page"}],"author":[{"embeddable":true,"href":"https:\/\/www.afibmatters.org\/fr\/wp-json\/wp\/v2\/users\/1"}],"replies":[{"embeddable":true,"href":"https:\/\/www.afibmatters.org\/fr\/wp-json\/wp\/v2\/comments?post=1563"}],"version-history":[{"count":4,"href":"https:\/\/www.afibmatters.org\/fr\/wp-json\/wp\/v2\/pages\/1563\/revisions"}],"predecessor-version":[{"id":5935,"href":"https:\/\/www.afibmatters.org\/fr\/wp-json\/wp\/v2\/pages\/1563\/revisions\/5935"}],"up":[{"embeddable":true,"href":"https:\/\/www.afibmatters.org\/fr\/wp-json\/wp\/v2\/pages\/1545"}],"wp:attachment":[{"href":"https:\/\/www.afibmatters.org\/fr\/wp-json\/wp\/v2\/media?parent=1563"}],"wp:term":[{"taxonomy":"category","embeddable":true,"href":"https:\/\/www.afibmatters.org\/fr\/wp-json\/wp\/v2\/categories?post=1563"},{"taxonomy":"post_tag","embeddable":true,"href":"https:\/\/www.afibmatters.org\/fr\/wp-json\/wp\/v2\/tags?post=1563"}],"curies":[{"name":"wp","href":"https:\/\/api.w.org\/{rel}","templated":true}]}}