{"id":1456,"date":"2020-03-03T11:56:50","date_gmt":"2020-03-03T11:56:50","guid":{"rendered":"https:\/\/www.afibmatters.org\/que-dois-je-savoir\/la-fibrillation-auriculaire-peut-elle-revenir\/"},"modified":"2020-03-16T16:18:05","modified_gmt":"2020-03-16T16:18:05","slug":"la-fibrillation-atriale-peut-elle-revenir","status":"publish","type":"page","link":"https:\/\/www.afibmatters.org\/fr\/que-dois-je-savoir\/la-fibrillation-atriale-peut-elle-revenir\/","title":{"rendered":"La fibrillation atriale peut-elle revenir&nbsp;?"},"content":{"rendered":"<p>La probabilit\u00e9 que la fibrillation atriale revienne d\u00e9pend des circonstances associ\u00e9es \u00e0 chaque patient.<\/p>\n<p>Parfois, la fibrillation atriale appara\u00eet en raison de probl\u00e8mes m\u00e9dicaux qui sont temporaires et peuvent \u00eatre trait\u00e9s, par exemple un trouble thyro\u00efdien, une infection ou un d\u00e9s\u00e9quilibre des \u00e9lectrolytes de l&#8217;organisme. Dans de tels cas, apr\u00e8s le traitement de la maladie aigu\u00eb, la fibrillation atriale est moins susceptible de revenir \u00e0 court terme.<\/p>\n<p>Si un patient a d\u2019autres probl\u00e8mes m\u00e9dicaux \u00e0 long terme qui pr\u00e9disposent \u00e0 la fibrillation atriale, par exemple une pression art\u00e9rielle \u00e9lev\u00e9e, une ob\u00e9sit\u00e9, une apn\u00e9e obstructive du sommeil, etc., la fibrillation atriale est plus susceptible de revenir. Si ces affections restent non trait\u00e9es, la fibrillation atriale est susceptible de se produire plus souvent et m\u00eame de devenir permanente.<\/p>\n<p>&nbsp;<\/p>\n<p>&nbsp;<\/p>\n","protected":false},"excerpt":{"rendered":"<p>La probabilit\u00e9 que la fibrillation atriale revienne d\u00e9pend des circonstances associ\u00e9es \u00e0 chaque patient. Parfois, la fibrillation atriale appara\u00eet en raison de probl\u00e8mes m\u00e9dicaux qui sont temporaires et peuvent \u00eatre trait\u00e9s, par exemple un trouble thyro\u00efdien, une infection ou un d\u00e9s\u00e9quilibre des \u00e9lectrolytes de l&#8217;organisme. Dans de tels cas, apr\u00e8s le traitement de la maladie [&hellip;]<\/p>\n","protected":false},"author":1,"featured_media":0,"parent":1407,"menu_order":11,"comment_status":"closed","ping_status":"closed","template":"","meta":{"_acf_changed":false,"footnotes":""},"categories":[49],"tags":[],"class_list":["post-1456","page","type-page","status-publish","hentry","category-que-dois-je-savoir"],"acf":[],"_links":{"self":[{"href":"https:\/\/www.afibmatters.org\/fr\/wp-json\/wp\/v2\/pages\/1456","targetHints":{"allow":["GET"]}}],"collection":[{"href":"https:\/\/www.afibmatters.org\/fr\/wp-json\/wp\/v2\/pages"}],"about":[{"href":"https:\/\/www.afibmatters.org\/fr\/wp-json\/wp\/v2\/types\/page"}],"author":[{"embeddable":true,"href":"https:\/\/www.afibmatters.org\/fr\/wp-json\/wp\/v2\/users\/1"}],"replies":[{"embeddable":true,"href":"https:\/\/www.afibmatters.org\/fr\/wp-json\/wp\/v2\/comments?post=1456"}],"version-history":[{"count":4,"href":"https:\/\/www.afibmatters.org\/fr\/wp-json\/wp\/v2\/pages\/1456\/revisions"}],"predecessor-version":[{"id":2160,"href":"https:\/\/www.afibmatters.org\/fr\/wp-json\/wp\/v2\/pages\/1456\/revisions\/2160"}],"up":[{"embeddable":true,"href":"https:\/\/www.afibmatters.org\/fr\/wp-json\/wp\/v2\/pages\/1407"}],"wp:attachment":[{"href":"https:\/\/www.afibmatters.org\/fr\/wp-json\/wp\/v2\/media?parent=1456"}],"wp:term":[{"taxonomy":"category","embeddable":true,"href":"https:\/\/www.afibmatters.org\/fr\/wp-json\/wp\/v2\/categories?post=1456"},{"taxonomy":"post_tag","embeddable":true,"href":"https:\/\/www.afibmatters.org\/fr\/wp-json\/wp\/v2\/tags?post=1456"}],"curies":[{"name":"wp","href":"https:\/\/api.w.org\/{rel}","templated":true}]}}