{"id":1468,"date":"2020-03-03T11:56:53","date_gmt":"2020-03-03T11:56:53","guid":{"rendered":"https:\/\/www.afibmatters.org\/que-debo-saber\/es-hereditaria-la-fiba\/"},"modified":"2020-03-30T13:16:52","modified_gmt":"2020-03-30T12:16:52","slug":"es-hereditaria-la-fiba","status":"publish","type":"page","link":"https:\/\/www.afibmatters.org\/es\/que-debo-saber\/es-hereditaria-la-fiba\/","title":{"rendered":"\u00bfEs hereditaria la Fibrilaci\u00f3n Auricular?"},"content":{"rendered":"<p>La fibrilaci\u00f3n auricular es el trastorno m\u00e1s frecuente del ritmo cardiaco y, por lo tanto, no es infrecuente que algunos familiares padezcan la misma arritmia. A medida que envejecemos, es m\u00e1s probable que la fibrilaci\u00f3n auricular est\u00e9 m\u00e1s relacionada con comorbilidades que con una alteraci\u00f3n gen\u00e9tica. Todos tenemos <strong><a href=\"https:\/\/www.afibmatters.org\/es\/que-debo-saber\/es-muy-frecuente-la-fibrilacion-auricular\/\">mayor riesgo de desarrollar fibrilaci\u00f3n auricular al envejecer<\/a>.<\/strong><\/p>\n<p>Sin embargo, se observa que algunas familias tienen mayor riesgo de fibrilaci\u00f3n auricular, incluso a edades tempranas o en ausencia de otras afecciones m\u00e9dicas. Esto se denomina fibrilaci\u00f3n auricular familiar. En algunos casos raros se ha demostrado que la presencia de un cambio en algunos genes puede ser la responsable, pero en la mayor\u00eda de los casos, la causa todav\u00eda no se ha aclarado. Son necesarios m\u00e1s estudios de investigaci\u00f3n para aclarar los factores gen\u00e9ticos asociados con la fibrilaci\u00f3n auricular familiar.<\/p>\n<p>Si tiene familiares con fibrilaci\u00f3n auricular y le preocupa que pueda desarrollar esta afecci\u00f3n, debe comentarlo con su m\u00e9dico. Su m\u00e9dico puede identificar factores de riesgo de fibrilaci\u00f3n auricular y ayudarle a tratarlos.<\/p>\n<p>&nbsp;<\/p>\n<p>&nbsp;<\/p>\n","protected":false},"excerpt":{"rendered":"<p>La fibrilaci\u00f3n auricular es el trastorno m\u00e1s frecuente del ritmo cardiaco y, por lo tanto, no es infrecuente que algunos familiares padezcan la misma arritmia. A medida que envejecemos, es m\u00e1s probable que la fibrilaci\u00f3n auricular est\u00e9 m\u00e1s relacionada con comorbilidades que con una alteraci\u00f3n gen\u00e9tica. Todos tenemos mayor riesgo de desarrollar fibrilaci\u00f3n auricular al [&hellip;]<\/p>\n","protected":false},"author":1,"featured_media":0,"parent":1431,"menu_order":12,"comment_status":"closed","ping_status":"closed","template":"","meta":{"_acf_changed":false,"footnotes":""},"categories":[55],"tags":[],"class_list":["post-1468","page","type-page","status-publish","hentry","category-que-debo-saber"],"acf":[],"_links":{"self":[{"href":"https:\/\/www.afibmatters.org\/es\/wp-json\/wp\/v2\/pages\/1468","targetHints":{"allow":["GET"]}}],"collection":[{"href":"https:\/\/www.afibmatters.org\/es\/wp-json\/wp\/v2\/pages"}],"about":[{"href":"https:\/\/www.afibmatters.org\/es\/wp-json\/wp\/v2\/types\/page"}],"author":[{"embeddable":true,"href":"https:\/\/www.afibmatters.org\/es\/wp-json\/wp\/v2\/users\/1"}],"replies":[{"embeddable":true,"href":"https:\/\/www.afibmatters.org\/es\/wp-json\/wp\/v2\/comments?post=1468"}],"version-history":[{"count":2,"href":"https:\/\/www.afibmatters.org\/es\/wp-json\/wp\/v2\/pages\/1468\/revisions"}],"predecessor-version":[{"id":2270,"href":"https:\/\/www.afibmatters.org\/es\/wp-json\/wp\/v2\/pages\/1468\/revisions\/2270"}],"up":[{"embeddable":true,"href":"https:\/\/www.afibmatters.org\/es\/wp-json\/wp\/v2\/pages\/1431"}],"wp:attachment":[{"href":"https:\/\/www.afibmatters.org\/es\/wp-json\/wp\/v2\/media?parent=1468"}],"wp:term":[{"taxonomy":"category","embeddable":true,"href":"https:\/\/www.afibmatters.org\/es\/wp-json\/wp\/v2\/categories?post=1468"},{"taxonomy":"post_tag","embeddable":true,"href":"https:\/\/www.afibmatters.org\/es\/wp-json\/wp\/v2\/tags?post=1468"}],"curies":[{"name":"wp","href":"https:\/\/api.w.org\/{rel}","templated":true}]}}