{"id":1457,"date":"2020-03-03T11:56:50","date_gmt":"2020-03-03T11:56:50","guid":{"rendered":"https:\/\/www.afibmatters.org\/que-debo-saber\/puede-reaparecer-la-fibrilacion-auricular\/"},"modified":"2020-03-30T13:16:10","modified_gmt":"2020-03-30T12:16:10","slug":"puede-reaparecer-la-fibrilacion-auricular","status":"publish","type":"page","link":"https:\/\/www.afibmatters.org\/es\/que-debo-saber\/puede-reaparecer-la-fibrilacion-auricular\/","title":{"rendered":"\u00bfPuede reaparecer la fibrilaci\u00f3n auricular?"},"content":{"rendered":"<p>La probabilidad de que la fibrilaci\u00f3n auricular reaparezca depende de las afecciones que presente cada paciente.<\/p>\n<p>A veces, la fibrilaci\u00f3n auricular aparece debido a procesos m\u00e9dicos agudo o temporales que se pueden tratar, por ejemplo, un trastorno de la gl\u00e1ndula tiroides, una infecci\u00f3n o un desequilibrio de los electrolitos del organismo. En esos casos, despu\u00e9s de tratar la afecci\u00f3n m\u00e9dica aguda, es menos probable que la fibrilaci\u00f3n auricular reaparezca a corto plazo.<\/p>\n<p>Si un paciente tiene otras afecciones m\u00e9dicas cr\u00f3nicas que predisponen a la fibrilaci\u00f3n auricular, por ejemplo, hipertensi\u00f3n arterial, obesidad, apnea obstructiva del sue\u00f1o, etc., es m\u00e1s probable que la fibrilaci\u00f3n auricular reaparezca. Si estas afecciones no se tratan, es probable que la fibrilaci\u00f3n auricular aparezca con mayor frecuencia o incluso progrese a permanente.<\/p>\n<p>&nbsp;<\/p>\n<p>&nbsp;<\/p>\n","protected":false},"excerpt":{"rendered":"<p>La probabilidad de que la fibrilaci\u00f3n auricular reaparezca depende de las afecciones que presente cada paciente. A veces, la fibrilaci\u00f3n auricular aparece debido a procesos m\u00e9dicos agudo o temporales que se pueden tratar, por ejemplo, un trastorno de la gl\u00e1ndula tiroides, una infecci\u00f3n o un desequilibrio de los electrolitos del organismo. En esos casos, despu\u00e9s [&hellip;]<\/p>\n","protected":false},"author":1,"featured_media":0,"parent":1431,"menu_order":11,"comment_status":"closed","ping_status":"closed","template":"","meta":{"_acf_changed":false,"footnotes":""},"categories":[55],"tags":[],"class_list":["post-1457","page","type-page","status-publish","hentry","category-que-debo-saber"],"acf":[],"_links":{"self":[{"href":"https:\/\/www.afibmatters.org\/es\/wp-json\/wp\/v2\/pages\/1457","targetHints":{"allow":["GET"]}}],"collection":[{"href":"https:\/\/www.afibmatters.org\/es\/wp-json\/wp\/v2\/pages"}],"about":[{"href":"https:\/\/www.afibmatters.org\/es\/wp-json\/wp\/v2\/types\/page"}],"author":[{"embeddable":true,"href":"https:\/\/www.afibmatters.org\/es\/wp-json\/wp\/v2\/users\/1"}],"replies":[{"embeddable":true,"href":"https:\/\/www.afibmatters.org\/es\/wp-json\/wp\/v2\/comments?post=1457"}],"version-history":[{"count":2,"href":"https:\/\/www.afibmatters.org\/es\/wp-json\/wp\/v2\/pages\/1457\/revisions"}],"predecessor-version":[{"id":2269,"href":"https:\/\/www.afibmatters.org\/es\/wp-json\/wp\/v2\/pages\/1457\/revisions\/2269"}],"up":[{"embeddable":true,"href":"https:\/\/www.afibmatters.org\/es\/wp-json\/wp\/v2\/pages\/1431"}],"wp:attachment":[{"href":"https:\/\/www.afibmatters.org\/es\/wp-json\/wp\/v2\/media?parent=1457"}],"wp:term":[{"taxonomy":"category","embeddable":true,"href":"https:\/\/www.afibmatters.org\/es\/wp-json\/wp\/v2\/categories?post=1457"},{"taxonomy":"post_tag","embeddable":true,"href":"https:\/\/www.afibmatters.org\/es\/wp-json\/wp\/v2\/tags?post=1457"}],"curies":[{"name":"wp","href":"https:\/\/api.w.org\/{rel}","templated":true}]}}