{"id":1427,"date":"2020-03-03T11:56:43","date_gmt":"2020-03-03T11:56:43","guid":{"rendered":"https:\/\/www.afibmatters.org\/quien-tiene-mayor-riesgo-de-sufrir-fibrilacion-auricular\/"},"modified":"2022-03-24T10:47:41","modified_gmt":"2022-03-24T10:47:41","slug":"quien-tiene-mayor-riesgo-de-sufrir-fibrilacion-auricular","status":"publish","type":"page","link":"https:\/\/www.afibmatters.org\/es\/que-debo-saber\/quien-tiene-mayor-riesgo-de-sufrir-fibrilacion-auricular\/","title":{"rendered":"\u00bfQui\u00e9n tiene mayor riesgo de sufrir fibrilaci\u00f3n auricular?"},"content":{"rendered":"<p><img loading=\"lazy\" decoding=\"async\" class=\"size-large wp-image-1043\" src=\"https:\/\/cdn-endpoint-afib.azureedge.net\/afibmatters\/2020\/01\/iStock-499570490-1024x683.jpg\" alt=\"\" width=\"1024\" height=\"683\" srcset=\"https:\/\/cdn-endpoint-afib.azureedge.net\/afibmatters\/2020\/01\/iStock-499570490-1024x683.jpg 1024w, https:\/\/cdn-endpoint-afib.azureedge.net\/afibmatters\/2020\/01\/iStock-499570490-300x200.jpg 300w, https:\/\/cdn-endpoint-afib.azureedge.net\/afibmatters\/2020\/01\/iStock-499570490-768x512.jpg 768w, https:\/\/cdn-endpoint-afib.azureedge.net\/afibmatters\/2020\/01\/iStock-499570490-1536x1024.jpg 1536w, https:\/\/cdn-endpoint-afib.azureedge.net\/afibmatters\/2020\/01\/iStock-499570490-2048x1365.jpg 2048w, https:\/\/cdn-endpoint-afib.azureedge.net\/afibmatters\/2020\/01\/iStock-499570490-500x333.jpg 500w\" sizes=\"auto, (max-width: 1024px) 100vw, 1024px\" \/><\/p>\n<p>No comprendemos bien el desarrollo de la fibrilaci\u00f3n auricular, pero hay muchos factores que aumentan el <strong>riesgo de desarrollar fibrilaci\u00f3n auricular<\/strong> a lo largo de la vida. En la siguiente tabla se muestran algunos ejemplos. Estos incluyen <strong>afecciones m\u00e9dicas<\/strong> como la diabetes o la enfermedad renal, adem\u00e1s de enfermedades del coraz\u00f3n. Es importante tratar estas comorbilidades para optimizar los resultados del tratamiento de la fibrilaci\u00f3n auricular.<\/p>\n<p>En el pasado, se utilizaba el t\u00e9rmino \u00abfibrilaci\u00f3n auricular aislada\u00bb para los pacientes que no ten\u00edan ning\u00fan factor de riesgo evidente ni afecciones subyacentes que los hicieran m\u00e1s propensos a desarrollar fibrilaci\u00f3n auricular. Sin embargo, cada vez hay m\u00e1s pruebas de que existe una causa en todos los pacientes y, por lo tanto, el t\u00e9rmino fibrilaci\u00f3n auricular aislada resulta confuso y ya no debe usarse.<\/p>\n<table style=\"width: 64.7997%; height: 288px;\">\n<tbody>\n<tr style=\"height: 24px;\">\n<th style=\"height: 24px;\"><strong>H\u00e1bitos de vida<\/strong><\/th>\n<th style=\"height: 24px;\"><strong>Comorbilidades \/ Otras afecciones<\/strong><\/th>\n<\/tr>\n<tr style=\"height: 24px;\">\n<td style=\"height: 24px;\"><a href=\"https:\/\/www.afibmatters.org\/es\/que-puedo-hacer\/como-debo-cambiar-mi-vida\/alcohol\/\">Abuso del alcohol<\/a><\/td>\n<td style=\"height: 24px;\">Hipertensi\u00f3n \/ Diabetes<\/td>\n<\/tr>\n<tr style=\"height: 48px;\">\n<td style=\"height: 48px;\"><a href=\"https:\/\/www.afibmatters.org\/es\/que-puedo-hacer\/como-debo-cambiar-mi-vida\/obesidad\/\">Obesidad<\/a><\/td>\n<td style=\"height: 48px;\">Infarto de miocardio \/ Cardiopat\u00eda coronaria<\/td>\n<\/tr>\n<tr style=\"height: 48px;\">\n<td style=\"height: 48px;\"><a href=\"https:\/\/www.afibmatters.org\/es\/que-puedo-hacer\/como-debo-cambiar-mi-vida\/obesidad\/\">Inactividad f\u00edsica o deportes de resistencia excesiva<\/a><\/td>\n<td style=\"height: 48px;\">Insuficiencia card\u00edaca o enfermedad valvular card\u00edaca<\/td>\n<\/tr>\n<tr style=\"height: 48px;\">\n<td style=\"height: 48px;\"><a href=\"https:\/\/www.afibmatters.org\/es\/que-puedo-hacer\/como-debo-cambiar-mi-vida\/tabaquismo\/\">Tabaquismo<\/a><\/td>\n<td style=\"height: 48px;\">Trastornos del sue\u00f1o \/ Apnea obstructiva del sue\u00f1o<\/td>\n<\/tr>\n<tr style=\"height: 24px;\">\n<td style=\"height: 24px;\"><a href=\"https:\/\/www.afibmatters.org\/es\/que-puedo-hacer\/como-debo-cambiar-mi-vida\/estres\/\">Estr\u00e9s<\/a><\/td>\n<td style=\"height: 24px;\">Cirug\u00eda card\u00edaca<\/td>\n<\/tr>\n<tr style=\"height: 24px;\">\n<td style=\"height: 24px;\">Abuso de estimulantes (incluida la cafe\u00edna)<\/td>\n<td style=\"height: 24px;\">Tirotoxicosis (gl\u00e1ndula tiroides hiperactiva)<\/td>\n<\/tr>\n<tr style=\"height: 24px;\">\n<td style=\"height: 24px;\"><\/td>\n<td style=\"height: 24px;\">Infecci\u00f3n pulmonar (infecci\u00f3n del pulm\u00f3n)<\/td>\n<\/tr>\n<tr style=\"height: 24px;\">\n<td style=\"height: 24px;\"><\/td>\n<td style=\"height: 24px;\">Cardiopat\u00eda cong\u00e9nita<\/td>\n<\/tr>\n<\/tbody>\n<\/table>\n<p>&nbsp;<\/p>\n","protected":false},"excerpt":{"rendered":"<p>No comprendemos bien el desarrollo de la fibrilaci\u00f3n auricular, pero hay muchos factores que aumentan el riesgo de desarrollar fibrilaci\u00f3n auricular a lo largo de la vida. En la siguiente tabla se muestran algunos ejemplos. Estos incluyen afecciones m\u00e9dicas como la diabetes o la enfermedad renal, adem\u00e1s de enfermedades del coraz\u00f3n. Es importante tratar estas [&hellip;]<\/p>\n","protected":false},"author":1,"featured_media":0,"parent":1431,"menu_order":8,"comment_status":"closed","ping_status":"closed","template":"","meta":{"_acf_changed":false,"footnotes":""},"categories":[55],"tags":[],"class_list":["post-1427","page","type-page","status-publish","hentry","category-que-debo-saber"],"acf":[],"_links":{"self":[{"href":"https:\/\/www.afibmatters.org\/es\/wp-json\/wp\/v2\/pages\/1427","targetHints":{"allow":["GET"]}}],"collection":[{"href":"https:\/\/www.afibmatters.org\/es\/wp-json\/wp\/v2\/pages"}],"about":[{"href":"https:\/\/www.afibmatters.org\/es\/wp-json\/wp\/v2\/types\/page"}],"author":[{"embeddable":true,"href":"https:\/\/www.afibmatters.org\/es\/wp-json\/wp\/v2\/users\/1"}],"replies":[{"embeddable":true,"href":"https:\/\/www.afibmatters.org\/es\/wp-json\/wp\/v2\/comments?post=1427"}],"version-history":[{"count":4,"href":"https:\/\/www.afibmatters.org\/es\/wp-json\/wp\/v2\/pages\/1427\/revisions"}],"predecessor-version":[{"id":6566,"href":"https:\/\/www.afibmatters.org\/es\/wp-json\/wp\/v2\/pages\/1427\/revisions\/6566"}],"up":[{"embeddable":true,"href":"https:\/\/www.afibmatters.org\/es\/wp-json\/wp\/v2\/pages\/1431"}],"wp:attachment":[{"href":"https:\/\/www.afibmatters.org\/es\/wp-json\/wp\/v2\/media?parent=1427"}],"wp:term":[{"taxonomy":"category","embeddable":true,"href":"https:\/\/www.afibmatters.org\/es\/wp-json\/wp\/v2\/categories?post=1427"},{"taxonomy":"post_tag","embeddable":true,"href":"https:\/\/www.afibmatters.org\/es\/wp-json\/wp\/v2\/tags?post=1427"}],"curies":[{"name":"wp","href":"https:\/\/api.w.org\/{rel}","templated":true}]}}