{"id":1565,"date":"2020-03-03T12:00:59","date_gmt":"2020-03-03T12:00:59","guid":{"rendered":"https:\/\/www.afibmatters.org\/was-kann-ich-tun\/wo-erhalte-ich-weitere-beratung-und-unterstuetzung\/"},"modified":"2020-03-03T12:00:59","modified_gmt":"2020-03-03T12:00:59","slug":"wo-erhalte-ich-weitere-beratung-und-unterstuetzung","status":"publish","type":"page","link":"https:\/\/www.afibmatters.org\/de\/was-kann-ich-tun\/wo-erhalte-ich-weitere-beratung-und-unterstuetzung\/","title":{"rendered":"Wo erhalte ich weitere Beratung und Unterst\u00fctzung?"},"content":{"rendered":"<p><img loading=\"lazy\" decoding=\"async\" class=\"alignnone size-large wp-image-1063\" src=\"https:\/\/www.afibmatters.org\/wp-content\/uploads\/2020\/01\/iStock-696824550-1024x683.jpg\" alt=\"\" width=\"1024\" height=\"683\" srcset=\"https:\/\/cdn-endpoint-afib.azureedge.net\/afibmatters\/2020\/01\/iStock-696824550-1024x683.jpg 1024w, https:\/\/cdn-endpoint-afib.azureedge.net\/afibmatters\/2020\/01\/iStock-696824550-300x200.jpg 300w, https:\/\/cdn-endpoint-afib.azureedge.net\/afibmatters\/2020\/01\/iStock-696824550-768x512.jpg 768w, https:\/\/cdn-endpoint-afib.azureedge.net\/afibmatters\/2020\/01\/iStock-696824550-1536x1024.jpg 1536w, https:\/\/cdn-endpoint-afib.azureedge.net\/afibmatters\/2020\/01\/iStock-696824550-2048x1365.jpg 2048w, https:\/\/cdn-endpoint-afib.azureedge.net\/afibmatters\/2020\/01\/iStock-696824550-500x333.jpg 500w\" sizes=\"auto, (max-width: 1024px) 100vw, 1024px\" \/><\/p>\n<p>Wenden Sie sich an Ihren Arzt (Hausarzt, Kardiologen oder andere medizinische Fach\u00e4rzte) oder wenden Sie sich an einen der Verb\u00e4nde f\u00fcr Patienten mit Vorhofflimmern, wenn Sie allgemeine Beratung und Unterst\u00fctzung ben\u00f6tigen.<\/p>\n<p>&nbsp;<\/p>\n<p>&nbsp;<\/p>\n","protected":false},"excerpt":{"rendered":"<p>Wenden Sie sich an Ihren Arzt (Hausarzt, Kardiologen oder andere medizinische Fach\u00e4rzte) oder wenden Sie sich an einen der Verb\u00e4nde f\u00fcr Patienten mit Vorhofflimmern, wenn Sie allgemeine Beratung und Unterst\u00fctzung ben\u00f6tigen. &nbsp; &nbsp;<\/p>\n","protected":false},"author":1,"featured_media":0,"parent":1541,"menu_order":26,"comment_status":"closed","ping_status":"closed","template":"","meta":{"_acf_changed":false,"footnotes":""},"categories":[63],"tags":[],"class_list":["post-1565","page","type-page","status-publish","hentry","category-was-kann-ich-tun"],"acf":[],"_links":{"self":[{"href":"https:\/\/www.afibmatters.org\/de\/wp-json\/wp\/v2\/pages\/1565","targetHints":{"allow":["GET"]}}],"collection":[{"href":"https:\/\/www.afibmatters.org\/de\/wp-json\/wp\/v2\/pages"}],"about":[{"href":"https:\/\/www.afibmatters.org\/de\/wp-json\/wp\/v2\/types\/page"}],"author":[{"embeddable":true,"href":"https:\/\/www.afibmatters.org\/de\/wp-json\/wp\/v2\/users\/1"}],"replies":[{"embeddable":true,"href":"https:\/\/www.afibmatters.org\/de\/wp-json\/wp\/v2\/comments?post=1565"}],"version-history":[{"count":0,"href":"https:\/\/www.afibmatters.org\/de\/wp-json\/wp\/v2\/pages\/1565\/revisions"}],"up":[{"embeddable":true,"href":"https:\/\/www.afibmatters.org\/de\/wp-json\/wp\/v2\/pages\/1541"}],"wp:attachment":[{"href":"https:\/\/www.afibmatters.org\/de\/wp-json\/wp\/v2\/media?parent=1565"}],"wp:term":[{"taxonomy":"category","embeddable":true,"href":"https:\/\/www.afibmatters.org\/de\/wp-json\/wp\/v2\/categories?post=1565"},{"taxonomy":"post_tag","embeddable":true,"href":"https:\/\/www.afibmatters.org\/de\/wp-json\/wp\/v2\/tags?post=1565"}],"curies":[{"name":"wp","href":"https:\/\/api.w.org\/{rel}","templated":true}]}}