{"id":1531,"date":"2020-03-03T11:57:31","date_gmt":"2020-03-03T11:57:31","guid":{"rendered":"https:\/\/www.afibmatters.org\/kann-ich-eine-reiseversicherung-abschliessen-wenn-ich-vorhofflimmern-habe\/"},"modified":"2022-01-26T16:21:31","modified_gmt":"2022-01-26T16:21:31","slug":"kann-ich-eine-reiseversicherung-abschliessen-wenn-ich-vorhofflimmern-habe","status":"publish","type":"page","link":"https:\/\/www.afibmatters.org\/de\/was-kann-ich-tun\/wie-sollte-ich-mein-leben-aendern\/kann-ich-eine-reiseversicherung-abschliessen-wenn-ich-vorhofflimmern-habe\/","title":{"rendered":"Kann ich eine Reiseversicherung abschlie\u00dfen, wenn ich Vorhofflimmern habe?"},"content":{"rendered":"<p><img loading=\"lazy\" decoding=\"async\" class=\"alignnone wp-image-5913 size-full\" src=\"https:\/\/cdn-endpoint-afib.azureedge.net\/afibmatters\/2022\/01\/shutterstock_605436266-1536x1024-1-min.jpg?_t=1643214073\" alt=\"\" width=\"800\" height=\"533\" srcset=\"https:\/\/cdn-endpoint-afib.azureedge.net\/afibmatters\/2022\/01\/shutterstock_605436266-1536x1024-1-min.jpg 800w, https:\/\/cdn-endpoint-afib.azureedge.net\/afibmatters\/2022\/01\/shutterstock_605436266-1536x1024-1-min-300x200.jpg 300w, https:\/\/cdn-endpoint-afib.azureedge.net\/afibmatters\/2022\/01\/shutterstock_605436266-1536x1024-1-min-768x512.jpg 768w, https:\/\/cdn-endpoint-afib.azureedge.net\/afibmatters\/2022\/01\/shutterstock_605436266-1536x1024-1-min-500x333.jpg 500w\" sizes=\"auto, (max-width: 800px) 100vw, 800px\" \/><\/p>\n<p>Ja, der Gro\u00dfteil der Patienten mit Vorhofflimmern kann eine Reiseversicherung abschlie\u00dfen. Allerdings kann es manchmal eine h\u00f6here Pr\u00e4mie erfordern (h\u00f6here Kosten). Bitte erkundigen Sie sich bei den Krankenkassen. Manchmal kann es n\u00fctzlich sein, mehrere Krankenkassen zu kontaktieren, um das beste Angebot zu finden.<\/p>\n<p>&nbsp;<\/p>\n<p>&nbsp;<\/p>\n","protected":false},"excerpt":{"rendered":"<p>Ja, der Gro\u00dfteil der Patienten mit Vorhofflimmern kann eine Reiseversicherung abschlie\u00dfen. Allerdings kann es manchmal eine h\u00f6here Pr\u00e4mie erfordern (h\u00f6here Kosten). Bitte erkundigen Sie sich bei den Krankenkassen. Manchmal kann es n\u00fctzlich sein, mehrere Krankenkassen zu kontaktieren, um das beste Angebot zu finden. &nbsp; &nbsp;<\/p>\n","protected":false},"author":1,"featured_media":0,"parent":1549,"menu_order":25,"comment_status":"closed","ping_status":"closed","template":"","meta":{"_acf_changed":false,"footnotes":""},"categories":[63],"tags":[],"class_list":["post-1531","page","type-page","status-publish","hentry","category-was-kann-ich-tun"],"acf":[],"_links":{"self":[{"href":"https:\/\/www.afibmatters.org\/de\/wp-json\/wp\/v2\/pages\/1531","targetHints":{"allow":["GET"]}}],"collection":[{"href":"https:\/\/www.afibmatters.org\/de\/wp-json\/wp\/v2\/pages"}],"about":[{"href":"https:\/\/www.afibmatters.org\/de\/wp-json\/wp\/v2\/types\/page"}],"author":[{"embeddable":true,"href":"https:\/\/www.afibmatters.org\/de\/wp-json\/wp\/v2\/users\/1"}],"replies":[{"embeddable":true,"href":"https:\/\/www.afibmatters.org\/de\/wp-json\/wp\/v2\/comments?post=1531"}],"version-history":[{"count":2,"href":"https:\/\/www.afibmatters.org\/de\/wp-json\/wp\/v2\/pages\/1531\/revisions"}],"predecessor-version":[{"id":5936,"href":"https:\/\/www.afibmatters.org\/de\/wp-json\/wp\/v2\/pages\/1531\/revisions\/5936"}],"up":[{"embeddable":true,"href":"https:\/\/www.afibmatters.org\/de\/wp-json\/wp\/v2\/pages\/1549"}],"wp:attachment":[{"href":"https:\/\/www.afibmatters.org\/de\/wp-json\/wp\/v2\/media?parent=1531"}],"wp:term":[{"taxonomy":"category","embeddable":true,"href":"https:\/\/www.afibmatters.org\/de\/wp-json\/wp\/v2\/categories?post=1531"},{"taxonomy":"post_tag","embeddable":true,"href":"https:\/\/www.afibmatters.org\/de\/wp-json\/wp\/v2\/tags?post=1531"}],"curies":[{"name":"wp","href":"https:\/\/api.w.org\/{rel}","templated":true}]}}