{"id":1450,"date":"2020-03-03T11:56:49","date_gmt":"2020-03-03T11:56:49","guid":{"rendered":"https:\/\/www.afibmatters.org\/was-muss-ich-wissen\/warum-ist-vorhofflimmern-gefaehrlich\/"},"modified":"2021-04-21T17:30:12","modified_gmt":"2021-04-21T16:30:12","slug":"warum-ist-vorhofflimmern-gefaehrlich","status":"publish","type":"page","link":"https:\/\/www.afibmatters.org\/de\/was-muss-ich-wissen\/warum-ist-vorhofflimmern-gefaehrlich\/","title":{"rendered":"Warum ist Vorhofflimmern gef\u00e4hrlich?"},"content":{"rendered":"<p>Viele Patienten leben seit Jahrzehnten problemlos mit der Herzrhythmusst\u00f6rung. Wenn Sie jedoch nicht behandelt wird, kann Vorhofflimmern zu Komplikationen wie Schlaganf\u00e4llen und Herzinsuffizienz f\u00fchren, welche schwerwiegende Konsequenzen f\u00fcr ihr Leben haben k\u00f6nnen.<\/p>\n<ul>\n<li><a href=\"https:\/\/www.afibmatters.org\/de\/was-kann-mein-arzt-tun\/wie-man-einer-herzinsuffizienz-vorbeugt\/\">Risiko f\u00fcr Herzinsuffizienz<\/a><\/li>\n<li><a href=\"https:\/\/www.afibmatters.org\/de\/was-kann-mein-arzt-tun\/wie-man-einem-schlaganfall-vorbeugt\/\">Risiko f\u00fcr Schlaganfall<\/a><\/li>\n<\/ul>\n<p>&nbsp;<\/p>\n","protected":false},"excerpt":{"rendered":"<p>Viele Patienten leben seit Jahrzehnten problemlos mit der Herzrhythmusst\u00f6rung. Wenn Sie jedoch nicht behandelt wird, kann Vorhofflimmern zu Komplikationen wie Schlaganf\u00e4llen und Herzinsuffizienz f\u00fchren, welche schwerwiegende Konsequenzen f\u00fcr ihr Leben haben k\u00f6nnen. Risiko f\u00fcr Herzinsuffizienz Risiko f\u00fcr Schlaganfall &nbsp;<\/p>\n","protected":false},"author":1,"featured_media":0,"parent":1412,"menu_order":10,"comment_status":"closed","ping_status":"closed","template":"","meta":{"_acf_changed":false,"footnotes":""},"categories":[50],"tags":[],"class_list":["post-1450","page","type-page","status-publish","hentry","category-was-muss-ich-wissen"],"acf":[],"_links":{"self":[{"href":"https:\/\/www.afibmatters.org\/de\/wp-json\/wp\/v2\/pages\/1450","targetHints":{"allow":["GET"]}}],"collection":[{"href":"https:\/\/www.afibmatters.org\/de\/wp-json\/wp\/v2\/pages"}],"about":[{"href":"https:\/\/www.afibmatters.org\/de\/wp-json\/wp\/v2\/types\/page"}],"author":[{"embeddable":true,"href":"https:\/\/www.afibmatters.org\/de\/wp-json\/wp\/v2\/users\/1"}],"replies":[{"embeddable":true,"href":"https:\/\/www.afibmatters.org\/de\/wp-json\/wp\/v2\/comments?post=1450"}],"version-history":[{"count":2,"href":"https:\/\/www.afibmatters.org\/de\/wp-json\/wp\/v2\/pages\/1450\/revisions"}],"predecessor-version":[{"id":3328,"href":"https:\/\/www.afibmatters.org\/de\/wp-json\/wp\/v2\/pages\/1450\/revisions\/3328"}],"up":[{"embeddable":true,"href":"https:\/\/www.afibmatters.org\/de\/wp-json\/wp\/v2\/pages\/1412"}],"wp:attachment":[{"href":"https:\/\/www.afibmatters.org\/de\/wp-json\/wp\/v2\/media?parent=1450"}],"wp:term":[{"taxonomy":"category","embeddable":true,"href":"https:\/\/www.afibmatters.org\/de\/wp-json\/wp\/v2\/categories?post=1450"},{"taxonomy":"post_tag","embeddable":true,"href":"https:\/\/www.afibmatters.org\/de\/wp-json\/wp\/v2\/tags?post=1450"}],"curies":[{"name":"wp","href":"https:\/\/api.w.org\/{rel}","templated":true}]}}