{"id":1448,"date":"2020-03-03T11:56:48","date_gmt":"2020-03-03T11:56:48","guid":{"rendered":"https:\/\/www.afibmatters.org\/was-muss-ich-wissen\/ist-afib-erblich\/"},"modified":"2020-03-05T11:18:05","modified_gmt":"2020-03-05T11:18:05","slug":"ist-afib-erblich","status":"publish","type":"page","link":"https:\/\/www.afibmatters.org\/de\/was-muss-ich-wissen\/ist-afib-erblich\/","title":{"rendered":"Ist AFIB erblich?"},"content":{"rendered":"<p>Vorhofflimmern ist die h\u00e4ufigste Herzrhythmusst\u00f6rung und daher ist es nicht ungew\u00f6hnlich, Verwandte mit der gleichen Arrhythmie zu haben. Wenn Sie \u00e4lter werden, ist es wahrscheinlicher, dass Ihr Vorhofflimmern eher mit Komorbidit\u00e4ten als mit einer genetischen Erkrankung zusammenh\u00e4ngt. Jeder hat mit <strong><a href=\"https:\/\/www.afibmatters.org\/de\/was-muss-ich-wissen\/wie-verbreitet-ist-vorhofflimmern\/\"> zunehmendem Alter ein h\u00f6heres Risiko, Vorhofflimmern zu entwickeln<\/a>.<\/strong><\/p>\n<p>Es wurde jedoch beobachtet, dass in einigen Familien das Risiko f\u00fcr Vorhofflimmern auch bereits in jungen Jahren oder ohne andere medizinische Erkrankungen h\u00f6her ist. Das nennt man famili\u00e4res Vorhofflimmern. In einigen seltenen F\u00e4llen hat sich gezeigt, dass Ver\u00e4nderungen in einigen Genen verantwortlich sein k\u00f6nnen, doch in den meisten F\u00e4llen ist die Ursache noch unklar. Weitere Untersuchungen sind notwendig, um die genetischen Faktoren im Zusammenhang mit famili\u00e4rem Vorhofflimmern zu kl\u00e4ren.<\/p>\n<p>Wenn Sie Verwandte mit Vorhofflimmern haben und bef\u00fcrchten, dass Sie die Erkrankung entwickeln k\u00f6nnten, sollten Sie dies mit Ihrem Arzt besprechen. Ihr Arzt kann Risikofaktoren f\u00fcr Vorhofflimmern identifizieren und Ihnen helfen, diese zu behandeln.<\/p>\n<p>&nbsp;<\/p>\n<p>&nbsp;<\/p>\n","protected":false},"excerpt":{"rendered":"<p>Vorhofflimmern ist die h\u00e4ufigste Herzrhythmusst\u00f6rung und daher ist es nicht ungew\u00f6hnlich, Verwandte mit der gleichen Arrhythmie zu haben. Wenn Sie \u00e4lter werden, ist es wahrscheinlicher, dass Ihr Vorhofflimmern eher mit Komorbidit\u00e4ten als mit einer genetischen Erkrankung zusammenh\u00e4ngt. Jeder hat mit zunehmendem Alter ein h\u00f6heres Risiko, Vorhofflimmern zu entwickeln. Es wurde jedoch beobachtet, dass in einigen [&hellip;]<\/p>\n","protected":false},"author":1,"featured_media":0,"parent":1412,"menu_order":12,"comment_status":"closed","ping_status":"closed","template":"","meta":{"_acf_changed":false,"footnotes":""},"categories":[50],"tags":[],"class_list":["post-1448","page","type-page","status-publish","hentry","category-was-muss-ich-wissen"],"acf":[],"_links":{"self":[{"href":"https:\/\/www.afibmatters.org\/de\/wp-json\/wp\/v2\/pages\/1448","targetHints":{"allow":["GET"]}}],"collection":[{"href":"https:\/\/www.afibmatters.org\/de\/wp-json\/wp\/v2\/pages"}],"about":[{"href":"https:\/\/www.afibmatters.org\/de\/wp-json\/wp\/v2\/types\/page"}],"author":[{"embeddable":true,"href":"https:\/\/www.afibmatters.org\/de\/wp-json\/wp\/v2\/users\/1"}],"replies":[{"embeddable":true,"href":"https:\/\/www.afibmatters.org\/de\/wp-json\/wp\/v2\/comments?post=1448"}],"version-history":[{"count":1,"href":"https:\/\/www.afibmatters.org\/de\/wp-json\/wp\/v2\/pages\/1448\/revisions"}],"predecessor-version":[{"id":1690,"href":"https:\/\/www.afibmatters.org\/de\/wp-json\/wp\/v2\/pages\/1448\/revisions\/1690"}],"up":[{"embeddable":true,"href":"https:\/\/www.afibmatters.org\/de\/wp-json\/wp\/v2\/pages\/1412"}],"wp:attachment":[{"href":"https:\/\/www.afibmatters.org\/de\/wp-json\/wp\/v2\/media?parent=1448"}],"wp:term":[{"taxonomy":"category","embeddable":true,"href":"https:\/\/www.afibmatters.org\/de\/wp-json\/wp\/v2\/categories?post=1448"},{"taxonomy":"post_tag","embeddable":true,"href":"https:\/\/www.afibmatters.org\/de\/wp-json\/wp\/v2\/tags?post=1448"}],"curies":[{"name":"wp","href":"https:\/\/api.w.org\/{rel}","templated":true}]}}